{"id":1052,"date":"2019-04-29T22:18:08","date_gmt":"2019-04-29T22:18:08","guid":{"rendered":"http:\/\/www.saklub-idrija.si\/?page_id=1052"},"modified":"2021-12-26T13:30:19","modified_gmt":"2021-12-26T12:30:19","slug":"sankaski-dnevnik-1980-85","status":"publish","type":"page","link":"http:\/\/www.saklub-idrija.si\/?page_id=1052","title":{"rendered":"Sanka\u0161ki dnevnik 1980 &#8211; 85"},"content":{"rendered":"\n<div class=\"wp-block-image\"><figure class=\"aligncenter\"><img loading=\"lazy\" decoding=\"async\" width=\"800\" height=\"339\" src=\"http:\/\/www.saklub-idrija.si\/wp-content\/uploads\/2019\/04\/Prikazna1.jpg\" alt=\"\" class=\"wp-image-1098\" srcset=\"http:\/\/www.saklub-idrija.si\/wp-content\/uploads\/2019\/04\/Prikazna1.jpg 800w, http:\/\/www.saklub-idrija.si\/wp-content\/uploads\/2019\/04\/Prikazna1-300x127.jpg 300w, http:\/\/www.saklub-idrija.si\/wp-content\/uploads\/2019\/04\/Prikazna1-768x325.jpg 768w, http:\/\/www.saklub-idrija.si\/wp-content\/uploads\/2019\/04\/Prikazna1-370x157.jpg 370w\" sizes=\"(max-width: 800px) 100vw, 800px\" \/><\/figure><\/div>\n\n\n\n<p>V veliko veselje mi je bilo, ko sem 24.4.2019 v kleti na\u0161el zapiske s sanka\u0161kih tekem med leti 1980 in 1985. Mulc trapast, kak\u0161ne sem pisal! Nasmejal pa ob branju kar&#8230; Upam, da se boste omenjani tudi (raje kot da mi kdo kaj zameri \ud83d\ude2e ).<\/p>\n\n\n\n<p>Slovnica ni &#8216;u nulo&#8217;, a to, da sem pisal sredi najstni\u0161kih let ni opravi\u010dilo, saj zdaj ni kaj dosti druga\u010de \ud83d\ude41 \ud83d\ude42 . Ker je tudi s &#8216;kaligrafijo&#8217; podobno, je bilo treba pretipkati. Skenirani originali v dokaz! Pretipkano s skoraj vsemi napakami inkluziv!<\/p>\n\n\n\n<hr class=\"wp-block-separator\"\/>\n\n\n<p><a href=\"http:\/\/www.saklub-idrija.si\/f44.htm\" target=\"_blank\" rel=\"noopener noreferrer\">GALERIJA<\/a> Barvni del je nekje iz tistih \u010dasov, fotografije omenjene v spodnjih tekstih pa \u0161e i\u0161\u010dem&#8230;<\/p>\n\n\n<hr class=\"wp-block-separator\"\/>\n\n\n\n<p><strong>In ne pozabit, da je to pisal +\/- petnajstletni mulc!<\/strong><\/p>\n\n\n\n<hr class=\"wp-block-separator\"\/>\n\n\n\n<div class=\"wp-block-image\"><figure class=\"aligncenter\"><img loading=\"lazy\" decoding=\"async\" width=\"581\" height=\"821\" src=\"http:\/\/www.saklub-idrija.si\/wp-content\/uploads\/2019\/04\/Naslovna.jpg\" alt=\"\" class=\"wp-image-1093\" srcset=\"http:\/\/www.saklub-idrija.si\/wp-content\/uploads\/2019\/04\/Naslovna.jpg 581w, http:\/\/www.saklub-idrija.si\/wp-content\/uploads\/2019\/04\/Naslovna-212x300.jpg 212w, http:\/\/www.saklub-idrija.si\/wp-content\/uploads\/2019\/04\/Naslovna-370x523.jpg 370w\" sizes=\"(max-width: 581px) 100vw, 581px\" \/><figcaption>Naslovna stran mape<\/figcaption><\/figure><\/div>\n\n\n\n<hr class=\"wp-block-separator\"\/>\n\n\n\n<div class=\"wp-block-image\"><figure class=\"aligncenter\"><img loading=\"lazy\" decoding=\"async\" width=\"570\" height=\"456\" src=\"http:\/\/www.saklub-idrija.si\/wp-content\/uploads\/2019\/04\/Notranja.jpg\" alt=\"\" class=\"wp-image-1105\" srcset=\"http:\/\/www.saklub-idrija.si\/wp-content\/uploads\/2019\/04\/Notranja.jpg 570w, http:\/\/www.saklub-idrija.si\/wp-content\/uploads\/2019\/04\/Notranja-300x240.jpg 300w, http:\/\/www.saklub-idrija.si\/wp-content\/uploads\/2019\/04\/Notranja-370x296.jpg 370w\" sizes=\"(max-width: 570px) 100vw, 570px\" \/><figcaption>Prva notranja stran mape<\/figcaption><\/figure><\/div>\n\n\n\n<hr class=\"wp-block-separator\"\/>\n\n\n\n<div class=\"wp-block-file aligncenter\"><a href=\"http:\/\/www.saklub-idrija.si\/wp-content\/uploads\/2019\/04\/1.pdf\">Skenirana prva stran<\/a><\/div>\n\n\n\n<h3 class=\"has-text-align-center wp-block-heading\">Prve tekme <\/h3>\n\n\n\n<p>Moja prva tekma, ki se je spominjam, je bila na progi Trate-Grapa, torej za mojo hi\u0161o. To je bilo ob\u010dinsko prvenstvo na katerem sem tekmoval v kategoriji ml. mladincev.  Kakor se spomnim sem bil zelo dober natan\u010dne uvrstitve pa se ne spominjam. Nekje v tistem \u010dasu je bilo na isti progi tudi republi\u0161ko prvenstvo. Vozil sem kot predtekmovalec skupaj z Jeram Editom. Ker sva bila od mlaj\u0161ih predtekmovalcev najbolj\u0161a, sva za nagrado dobila tekmovalne sani za celo popoldne.  <\/p>\n\n\n\n<p>\u010cez par let smo za\u010deli intenzivneje trenirati tudi z dirkalnimi sanmi. Udele\u017eil sem se \u0161olskega prvenstva in sem kljub padcu zasedel 3. mesto. To tekmovanje je bilo pri Kobalu.  <\/p>\n\n\n\n<p>V sezoni 1980 \u2013 1981 pa se je za\u010delo \u017ee bolj zares. Najprej sem bil le predtekmovalec na sindikalnem Idrijskem prvenstvu. Vozil sem z zelo slabimi \u0161inami in temu primerna je bila tudi uvrstitev, ki se je ne spominjam (tudi bolje, da se je ne).  <\/p>\n\n\n\n<p>Ker sta obe ti dve progi v bli\u017eini mojega doma jih lahko tudi pribli\u017eno nari\u0161em. (Priloga I. in II.) <\/p>\n\n\n\n<hr class=\"wp-block-separator\"\/>\n\n\n\n<div class=\"wp-block-file aligncenter\"><a href=\"http:\/\/www.saklub-idrija.si\/wp-content\/uploads\/2019\/04\/2.pdf\">Skenirana druga stran<\/a><\/div>\n\n\n\n<h3 class=\"has-text-align-center wp-block-heading\">(1980 \u2013 1981) <\/h3>\n\n\n\n<h4 class=\"has-text-align-center wp-block-heading\">Bohinjska Bistrica <\/h4>\n\n\n\n<p>Prva tekma, ki je bila bolj v republi\u0161kem merilu pa je bila v Boh. Bistrici. Vse nas, ki smo se na tako tekmo odpravljali prvi\u010d je bilo malo strah, vendar so nas starej\u0161i klubski tovari\u0161i mirili in vzpodbujali. <\/p>\n\n\n\n<p>Ko smo si ogledali progo, smo videli, da ni vse skupaj ni\u010d in da je \u0161e la\u017eja in slab\u0161a od na\u0161e. Vozili smo dva teka in iz drugega imam tudi sliko.<\/p>\n\n\n\n<p>\u010casov se ne spomnim in vem le to, da sem bil 11. in prehitel le klubskega tovari\u0161a Gvida. Tudi proga mi ni ostala v spominu, zato je ne morem narisati. Prva tekma je potekala kar v redu, toda \u010dakala nas je \u017ee mnogo huj\u0161a preizku\u0161nja: <\/p>\n\n\n\n<h4 class=\"has-text-align-center wp-block-heading\">\u017delezniki <\/h4>\n\n\n\n<p>Za to tekmo smo se vsi \u017ee bolj pripravljali. Privili smo vijake v podplate, pripravili sani ipd. Ta proga je bila veliko bolj ledena in tudi tehni\u010dno zahtevnej\u0161a. Nih\u010de ni vedel kaj bo, le, da bo treba veliko bremzati.  <\/p>\n\n\n\n<p>Ta tekma mi je ostala v spominu predvsem po mojih akrobacijah v nekem ovinku, ko ni veliko manjkalo, da bi poljubljal neko smreko. To me je tako prestra\u0161ilo, da na republi\u0161ko prvenstvo (bilo je prav tako v \u017deleznikih) sploh nisem upal iti. Temu pilotiranju je vsekakor botrovala slaba oprema (predvsem slabo nabru\u0161ene \u0161ine).  Niti \u010dasov niti uvrstitve se ne spominjam. Progo pa lahko nari\u0161em, ker sem v \u017deleznikih kasneje \u0161e velikokrat vozil. (Priloga V.) <\/p>\n\n\n\n<p><em>(Opomba: proga, ki jo imenujem \u017delezniki, v prilogi pa Selca, je pravzaprav proga Zakraj v Dolenji vasi.)<\/em><\/p>\n\n\n\n<hr class=\"wp-block-separator\"\/>\n\n\n\n<div class=\"wp-block-file aligncenter\"><a href=\"http:\/\/www.saklub-idrija.si\/wp-content\/uploads\/2019\/04\/3.pdf\">Skenirana tretja stran<\/a><\/div>\n\n\n\n<h4 class=\"has-text-align-center wp-block-heading\">Idrija <\/h4>\n\n\n\n<p>Kon\u010dno tekma doma. To nam sicer ne pomaga dosti, saj se po nji sploh nismo vozili. S pripravo proge smo imeli sicer nekaj te\u017eav, ki pa smo jih le premagali.  <\/p>\n\n\n\n<p>Moj najbolj\u0161i \u010das na tej progi sem dosegel na uradnem treningu. Kajti na tekmi sem v obeh tekih padel. Kljub temu sem zasedel 8. mesto in ne prevelik zaostanek. Od klubskih tovari\u0161ev me je prehitel le Edi, ki je zasedel odli\u010dno drugo mesto. Tudi moj brat ni bil slab. \u010ceprav kot predtekmovalec z navadnimi sanmi, je dosegal bolj\u0161e \u010dase, kot nekateri tekmovalci. V moji kategoriji je tekmovalo okoli trinajst tekmovalcev. Moj \u010das na treningu je bil 1,07,5\u2026.prbl. Progo sem narisal na prilogi III. <\/p>\n\n\n\n<h4 class=\"has-text-align-center wp-block-heading\">Kranj <\/h4>\n\n\n\n<p>Tekma pravzaprav ni bila v Kranju, ampak v bli\u017enji vasi Besnici. Posebnost te proge je bila, da si se z avtomobilom pripeljal na \u0161tart in ne na cilj, tako kot pri ostalih progah. Proga sama je bila ledena in zato hitra, ni pa bila zelo tehni\u010dno zahtevna. Na tej tekmi se je odlo\u010dalo, kdo, poleg starej\u0161ih, bo \u0161el naslednji dan v Soro. Imeli smo samo en avtomobil (4.osebe). Po prvem teku sem pogoj \u0161e izpolnjeval. Od na\u0161ih je bil bolj\u0161i le Edi, ki mu ni uspelo ponoviti uspeha iz Idrije. V drugem teku pa sem ga, ne vem kako, posral in Gvido me je prehitel. Za Soro sem se lahko pod nosom obrisal. \u010casov iz Besnice se ne spomnim, mislim pa, da sem bil devetnajsti. Proga ni imela veliko ovinkov in je bila lahka za zapomniti (Priloga IV.)  <\/p>\n\n\n\n<hr class=\"wp-block-separator\"\/>\n\n\n\n<div class=\"wp-block-file aligncenter\"><a href=\"http:\/\/www.saklub-idrija.si\/wp-content\/uploads\/2019\/04\/4.pdf\">Skenirana \u010detrta stran<\/a><\/div>\n\n\n\n<h4 class=\"has-text-align-center wp-block-heading\">Jesenice  <\/h4>\n\n\n\n<p>S tekmo na Jesenicah sem zaklju\u010dil svojo prvo ,,zaresno&#8221; sezono. Na to tekmo, sva od mladincev \u0161la le Matja\u017e in jaz. Peljala sva se z Milanom. Ker ni imel prtlja\u017enika smo, sanke dali v havbo, ki je zato ostala odprta. Od Idrije pa do Jesenic sem zmrzoval na zadnjem sede\u017eu tiste stoenke. <\/p>\n\n\n\n<p>Uvrstitev na tem tekmovanju je bila zadovoljiva. Ne vem sicer, od koliko udele\u017eencev, toda bil sem \u0161esti, takoj za Matja\u017eem. Prav tako se ne spominjam \u010dasov dose\u017eenih na tej tekmi. Proga je na prilogi VI. <\/p>\n\n\n\n<p><em>(Opomba: Jeseni\u0161ka proga je v Savskih jamah- Planina pod Golico.)<\/em><\/p>\n\n\n\n<p>Tako sem torej kon\u010dal svojo prvo sezono, ki je bila, glede na slabo opremo mladincev na\u0161ega kluba, \u0161e kar uspe\u0161na. <\/p>\n\n\n\n<hr class=\"wp-block-separator\"\/>\n\n\n\n<div class=\"wp-block-file aligncenter\"><a href=\"http:\/\/www.saklub-idrija.si\/wp-content\/uploads\/2019\/04\/5.pdf\">Skenirana peta stran<\/a><\/div>\n\n\n\n<h3 class=\"has-text-align-center wp-block-heading\">(1981 \u2013 1982)<\/h3>\n\n\n\n<p>Ta sezona se je za\u010dela \u0161e preden smo&nbsp;se prav zavedeli. Trenirali nismo \u0161e ni\u010d, ko so nam povedali za prvo tekmo. Bila naj bi v \u017deleznikih. To nas je presenetilo. Brez treninga pa na tako te\u017eko tekmo. Kasneje so nam pojasnili, da gre pravzaprav za tekmo z navadnimi sanmi v Dra\u017ego\u0161ah nad \u017delezniki.<\/p>\n\n\n\n<h4 class=\"has-text-align-center wp-block-heading\">Dra\u017ego\u0161e<\/h4>\n\n\n\n<p>Na to tekmo smo se odpeljali s kombijem. Od mladincev sva \u0161la le jaz in Robi. Njegove sanke so bile zlomljene in sva jih dan prej sama popravila. Imel je od\u017eagane palice, zato sem mislil, da se bo na tekmi bolje odrezal kot jaz. Izkazalo pa se je ravno obratno. Imel je rjave \u0161ine ter nekoliko zvite krivine in to ga je zelo zaustavljalo. <\/p>\n\n\n\n<p>Ker so bili ta dan tudi smu\u010darski teki je bilo treba zelo dolgo \u010dakati na \u0161tart, zato smo bili \u017ee vsi zmrznjeni. \u0160tartal sem tik pred favoritom te tekme. \u017de v prvem ovinku sem ga posral in odletel s sank. Pobral sem se in naprej. \u0160lo je kar uredu in na nekem mestu, kjer se je marsikateremu ustavilo sem \u0161el gladko naprej. Ko sem se pripeljal skozi cilj, me je nerodno zaneslo in sem se zakotalil po progi. V tem trenutku je nekaj \u0161vignilo mimo mene. To je bil \u017ee tekmovalec za mano Megli\u010d Marko. Ko so prinesli rezultate bi kmalu skup padel. Zaostajal sem za pol minute in bil \u0161e vedno drugi s \u010dasom 2.35.56. Z nestrpnostjo sem \u010dakal naslednjih tekmovalcev. <\/p>\n\n\n\n<hr class=\"wp-block-separator\"\/>\n\n\n\n<div class=\"wp-block-file aligncenter\"><a href=\"http:\/\/www.saklub-idrija.si\/wp-content\/uploads\/2019\/04\/6.pdf\">Skenirana \u0161esta stran<\/a><\/div>\n\n\n\n<p>Na sre\u010do me ni nih\u010de ve\u010d prehitel. Kmalu po tekmi so odkrili prevaro zmagovalca. Imel je zelo gibljive sani, tako da je lahko krmaril kot s tekmovalnimi. Vseeno ga niso diskvalificirali. Zanimivo je bilo gledati tudi z velikimi sanmi \u0161tirisedi. Hitrost teh sank je zaradi te\u017ee zelo velika. Ko smo \u010dakali na razglasitev smo ugotovili, da nam manjkata dva \u010dlana. Iskali smo jih, dokler nismo v avtu na\u0161li listka z obvestilom, da sta v spodnji gostilni. Na poti domov je bilo kar zanimivo, ker so se starej\u0161i kar naprej kregali zaradi zna\u010dk. <\/p>\n\n\n\n<p>S te tekme mi je ostala medalja, diploma in nekaj slik. Dokaz vsega na\u0161tetega \ud83d\ude42 :<\/p>\n\n\n\n<figure class=\"wp-block-image size-large\"><img loading=\"lazy\" decoding=\"async\" width=\"779\" height=\"1024\" src=\"http:\/\/www.saklub-idrija.si\/wp-content\/uploads\/2021\/12\/Drazgosee-779x1024.jpg\" alt=\"\" class=\"wp-image-1971\" srcset=\"http:\/\/www.saklub-idrija.si\/wp-content\/uploads\/2021\/12\/Drazgosee-779x1024.jpg 779w, http:\/\/www.saklub-idrija.si\/wp-content\/uploads\/2021\/12\/Drazgosee-228x300.jpg 228w, http:\/\/www.saklub-idrija.si\/wp-content\/uploads\/2021\/12\/Drazgosee-768x1010.jpg 768w, http:\/\/www.saklub-idrija.si\/wp-content\/uploads\/2021\/12\/Drazgosee-370x487.jpg 370w, http:\/\/www.saklub-idrija.si\/wp-content\/uploads\/2021\/12\/Drazgosee.jpg 800w\" sizes=\"(max-width: 779px) 100vw, 779px\" \/><\/figure>\n\n\n\n<h4 class=\"has-text-align-center wp-block-heading\">\u017delezniki<\/h4>\n\n\n\n<p>Spet tekma zares, s katere pa mi je ostalo le malo v spominu. Vozil sem z oran\u017enimi sanmi znamke EBNER in imel \u0161ine z maso in kar dobrim robnikom. \u0160li smo tudi na trening, kjer sem dosegel slab\u0161i \u010das od Matja\u017ea, ki je imel slab\u0161o opremo. Na tekmi je bilo \u017ee druga\u010de, ob odsotnosti na\u0161ega najbolj\u0161ega, Edija, sem bil najhitrej\u0161i od na\u0161ih. Na to sem bil zelo ponosen.<\/p>\n\n\n\n<p>Niti \u010dasov niti uvrstitve se ne spominjam. Proga pa je na prilogi \u0161t. V. <\/p>\n\n\n\n<hr class=\"wp-block-separator\"\/>\n\n\n\n<div class=\"wp-block-file aligncenter\"><a href=\"http:\/\/www.saklub-idrija.si\/wp-content\/uploads\/2019\/04\/8.pdf\">Skenirana sedma stran<\/a><\/div>\n\n\n\n<h4 class=\"has-text-align-center wp-block-heading\">Tr\u017ei\u010d<\/h4>\n\n\n\n<p>Za nas mladince popolnoma neznana proga. Na to tekmo je \u0161el z nami, kot tekmovalec tudi Klavdij. \u017de na treningu smo videli, da ta proga niti ni tako nedol\u017ena kot so govorili. Proga je bila zelo ledena in mi ni bila preve\u010d v\u0161e\u010d, \u0161e posebno zaradi trapastega dvojnega zavoja, ki je bil zares Z ne pa S. To je bilo republi\u0161ko prvenstvo in smo vozili 3. teke. Klavdij je vozil z te\u017ekimi sanmi, ki jih ni obvladal ali pa je sebe precenjeval. Razbil je sanke v prvem teku \u017ee v drugem ovinku. Njemu na sre\u010do ni bilo ni\u010d, sanke pa je popravil kasneje. Stane je bil \u0161e kar dober, pa je v enem teku odletel \u017ee v prvi rajdi. <\/p>\n\n\n\n<p>Najbolj\u0161i \u010das sem imel 1, 08\u2026 zasedel pa sem 12. mesto (najbolj\u0161e od na\u0161ih). Po tekmi smo \u0161li \u0161e na Ljubelj pogledat potem pa domov. Proga na prilogi VI.<\/p>\n\n\n\n<p><em>(Opomba: ta proga ni bila v Tr\u017ei\u010du, pa\u010d pa v Podljubelju &#8216;Za potokom&#8217;; na prilogi VI. pa je Jeseni\u0161ka proga&#8230;)<\/em><\/p>\n\n\n\n<h4 class=\"has-text-align-center wp-block-heading\">Karavan\u0161ka turneja <\/h4>\n\n\n\n<h4 class=\"has-text-align-center wp-block-heading\">\u017delezniki \u2013 Beljak <\/h4>\n\n\n\n<p>V \u017deleznike smo \u0161li skoraj vsi, za v Beljak pa naj bi \u0161el poleg Staneta samo \u0161e najbolj\u0161i mladinec. Bil sem seveda prepri\u010dan, da bom to jaz. Stane mi je predlagal naj poskusim voziti njegove \u0161ine pod kotom 5mm. Na treningu sem vozil (zdelo se mi je, po\u010dasi) toda dosegel odli\u010den \u010das 1.36\u2026 . Bil sem vesel in sem rekel, da bom \u010das \u0161e izbolj\u0161al. Naslednji dan sem se poslovil, kar za dva dni, ker sem mislil, da grem, kar v Avstrijo. Voziti bi morali tri teke, pa smo samo enega, ker so \u010dakali ambulanto, ko si je Habjan po\u0161kodoval hrbtenico. Ker me je na bazenu malo spodneslo sem vozil 1.37 \u2026 in nisem bil zadovoljen. Najhitrej\u0161i je bil Italijan Oberh\u00fcler, ki je skoraj podrl rekord proge z 1.16\u2026 in 9 stotink pred Tej\u010dem. In \u0161e naslednji udarec: povedali so da gremo vsi domov in bo treba vstati ob 2:30 zjutraj, da bova pri\u0161la v \u0160kof. Loko&#8230;<\/p>\n\n\n\n<hr class=\"wp-block-separator\"\/>\n\n\n\n<div class=\"wp-block-file aligncenter\"><a href=\"http:\/\/www.saklub-idrija.si\/wp-content\/uploads\/2019\/04\/9.pdf\">Skenirana osma stran<\/a><\/div>\n\n\n\n<p>&#8230; in potem z avtobusom v Avstrijo. To je bila zame najbednej\u0161a tekma doslej. Brez treninga smo vozili prvi tek. Nisem bil \u0161e navajen novih \u0161in, strah in neizku\u0161enost, pa sta \u0161e malo&nbsp;pripomogla, da sem \u017ee v drugem ovinku sfr\u010dal ene 4.m. pod progo. Nisem vedel ali naj se poberem ali ne. Vseeno sem se skobacal na progo in za\u010del iskati o\u010dala. Imel sem jih na ustih. Nadaljeval sem, \u010deprav ne preve\u010d veselo. Naprej sem vozil po Stanetovih navodilih in dosegel \u010das 2.10\u2026 skoraj minuto slab\u0161i od najbolj\u0161ega. Nekoliko sem si po\u0161kodoval nogo, toda kljub temu sem vozil tudi drugi tek. V drugem ovinku sem se kar ustavil in obrnil sanke. Dosegel sem \u010das 1,41\u2026 in neogro\u017eeno zadnje mesto med 50. tekmovalci. Zanimiva je bila razglasitev v hotelu, dobil sem spominsko diplomo za udele\u017ebo. (priloga VII). <\/p>\n\n\n\n<hr class=\"wp-block-separator\"\/>\n\n\n\n<p>S tem smo zaklju\u010dili drugo sezono, ki je bila nekoliko manj obse\u017ena kot prva. <\/p>\n\n\n\n<hr class=\"wp-block-separator\"\/>\n\n\n\n<div class=\"wp-block-file aligncenter\"><a href=\"http:\/\/www.saklub-idrija.si\/wp-content\/uploads\/2019\/04\/10.pdf\">Skenirana deveta stran<\/a><\/div>\n\n\n\n<h3 class=\"has-text-align-center wp-block-heading\">1982 \u2013 1983 <\/h3>\n\n\n\n<h4 class=\"has-text-align-center wp-block-heading\">Jesenice (19-20 II 83) <\/h4>\n\n\n\n<p>To je bilo mednarodno tekmovanje, ki je veljalo za pokal Mesta Jesenice in Jelov\u010danov memorial. Od mladincev sva \u0161la na tekmo le Edi in jaz. Ko smo pri\u0161li na Jesenice najprej sploh nismo na\u0161li proge. \u0160li smo kar na Planino pod Golico kot ponavadi. Tekma je bila res tam. Prvi tek sem zaril ko majmun in vozil 1.25,9.. Jo\u017ee pa je za\u010del kregati Edita, ker je mislil, da je on zaplu\u017eil. Drugi tek je bilo \u017ee dosti bolje, vozil sem 1,06,12 in bil \u0161e kar zadovoljen. Velika scena te tekme pa je bila, da sem \u0161el zve\u010der na maturantski od Danile. Naj sem se \u0161e tako trudil priti domov mi ni uspelo. Spat sem \u0161el \u0161ele okrog 2h zjutraj. Ob 5:45 so Edi in oni uprizarjali celo budnico, niti eden od nas pa se ni zbudil. Ob 6:30 mi je mama povedala, da sem zaspal. Vstal sem ob 9:15 in nisem bil za nobeno rabo. \u0160e smu\u010dati se nisem mogel. <\/p>\n\n\n\n<p>Od Staneta sem pa seveda, kar lepe sli\u0161al. <\/p>\n\n\n\n<p>S te tekme imam tudi sliko.  <\/p>\n\n\n\n<p><em>(Opomba: po prvem dnevu smo \u0161li domov in drugi dan nazaj\u2026 &#8211; vsi razen mene \ud83d\ude42 )<\/em><\/p>\n\n\n\n<hr class=\"wp-block-separator\"\/>\n\n\n\n<div class=\"wp-block-file aligncenter\"><a href=\"http:\/\/www.saklub-idrija.si\/wp-content\/uploads\/2019\/04\/11.pdf\">Skenirana deseta stran<\/a><\/div>\n\n\n\n<h3 class=\"has-text-align-center wp-block-heading\">\u017delezniki <\/h3>\n\n\n\n<p>To je bilo republi\u0161ko prvenstvo, na katerega je \u0161el z nami tudi Dani iz Ledin, ki je vozil Jo\u017eetove sani. Dr\u017eal se je kar lepo na zadnjem mestu skupaj z Rustjo. Ostalim pa je ta tekma prinesla lep uspeh. Stane je s fantasti\u010dnimi vo\u017enjami dosegel drugo mesto pri \u010dlanih. Edi je drugo mesto iz prvega teka sicer izgubil, bil pa je tretji. V prvem teku sem vozil 1,41.. , kar ni bilo preve\u010d dobro. Drugi tek sem vozil dosti bolje, v zadnjem ovinku pa sem je odpel pas in zletel sem v sneg. Vozil sem 1.44.. Iz tega teka imam tudi sliko. V tretjem teku sem kmalu po startu neprevidno vozil in zapeljal nekoliko v suh sneg. Vozil sem 1,37.. in zasedel odli\u010dno 5. mesto. Pri\u010dakoval sem vsaj diplomo, pa tudi te ni bilo. Tako sem preklel Gorenjce in njihovo skopost, da \u0161e nikoli.  <\/p>\n\n\n\n<p>To je bil najve\u010dji uspeh za na\u0161 klub dotlej.   <\/p>\n\n\n\n<hr class=\"wp-block-separator\"\/>\n\n\n\n<div class=\"wp-block-file aligncenter\"><a href=\"http:\/\/www.saklub-idrija.si\/wp-content\/uploads\/2019\/04\/12.pdf\">Skenirana enajsta stran<\/a><\/div>\n\n\n\n<h3 class=\"has-text-align-center wp-block-heading\">1983 \u2013 1984 <\/h3>\n\n\n\n<h4 class=\"has-text-align-center wp-block-heading\">Jesenice <\/h4>\n\n\n\n<p>Spet zelo lepa novica. Prespali bomo kar na Jesenicah. Zopet tekmovanje za pokal mesta Jesenice in Jelov\u010danov memorial. Prvi dan smo vozili dva teka. \u017de v prvem sem krepko \u0161templal planke v drugem ovinku in kljub za dva ovinka dalj\u0161i progi vozil 1.19.. V drugem teku sam planke samo po\u0161latal in vozil 1,13\u2026, kar ni preve\u010d dobro saj je Mitterstiller vozil 1,01\u2026, Edi pa 1,07\u2026 Od\u0161li smo na kosilo malo v sobo potem pa na Jesenice. Malo smo lutali in odkrili, da bo hokejska tekma med Kranjsko goro in Spartakom. Ve\u010derjo smo naro\u010dili za ob 7h  prirolali pa smo 9:30\u2026 Pogreli so nam ve\u010derjo nekaj smo \u0161e spili, pa na spavanje. Naslednji dan so nam sporo\u010dili, da bomo vozili \u0161e dva teka. Prvega sem spet ,,zaplankal&#8221; in vozil 1.13.. Z Jo\u017eetom sva bila prbl. enaka in sva si v zadnjem teku napovedala obra\u010dun. Na svoje za\u010dudenje sem dobro pri\u0161el okrog prve rajde. In v \u017eelji dose\u010di \u010dim bolj\u0161i \u010das sem se iztegnil, toda bil sem preve\u010d na desni strani sank, \u0161e malo sem cuknil pas in \u017ee sem se zna\u0161el pod sanmi. Pa je \u0161lo vse po vodi. Spet \u010das okrog 1.19\u2026 in solidno 14. mesto.  <\/p>\n\n\n\n<hr class=\"wp-block-separator\"\/>\n\n\n\n<div class=\"wp-block-file aligncenter\"><a href=\"http:\/\/www.saklub-idrija.si\/wp-content\/uploads\/2019\/04\/14.pdf\">Skenirana dvanajsta stran<\/a><\/div>\n\n\n\n<h4 class=\"has-text-align-center wp-block-heading\">\u017delezniki <\/h4>\n\n\n\n<p>Z Editom sva se kon\u010dno odlo\u010dila, da voziva dvojice. Najprej smo vozili trening in dva teka tako na brzino, da sem dvakrat zamudil \u0161tart in se spomnim samo \u010dasa okrog 1.33.3.., ki je bil moj najbolj\u0161i \u010das v \u017deleznikih do takrat (upam, da ga bom izbolj\u0161al). Sedaj pa ,,great scena&#8221;. Z Editom sva na\u0161raufala podalj\u0161ek, se naknadno prijavila in hop na \u0161tart. Bila je nekoliko dalj\u0161a prekinitev ne vem zakaj, najbr\u017e, da so se vsi spravili na \u0161tart. Zmenila sva se, da bova vozila po\u010dasi, ker sva pa\u010d skupaj prvi\u010d sedela na sankah. Spustila sva se in jaz sem v nezaupanju do E\u010da nekoliko preve\u010d \u017elajfal. Spomnim se, da so na bazenu Tolarce tulile:,,Dajmo Idrija.&#8221; (Hvala!) Ko sva pri\u0161la skozi cilj sva bila sre\u010dna, da sva zdelala brez padca in tovari\u0161i so naju pohvalili. Dosegla sva dober \u010das 1.34.. Zadovoljna sva \u0161la do avtomobila (tokrat sva pri\u0161la s Sekom), in pospravljala sanke se preobuvala itd. Mislila sva, da bo razglasitev, kot ponavadi, pred trgovino, pa je bila kar pri cilju. Pri\u0161li so \u0161e ostali in naju za\u010deli kregati, ker sva zamudila razglasitev. Bila sva namre\u010d tretja, medalj pa nama niso hoteli dati, dokler ni E\u010d pla\u010dal pija\u010de (jaz nisem imel denarja). Posamezne uvrstitve se ne spominjam. Zdi se mi, da sem bil deseti. <\/p>\n\n\n\n<hr class=\"wp-block-separator\"\/>\n\n\n\n<div class=\"wp-block-file aligncenter\"><a href=\"http:\/\/www.saklub-idrija.si\/wp-content\/uploads\/2019\/04\/15.pdf\">Skenirana trinajsta stran<\/a><\/div>\n\n\n\n<h4 class=\"has-text-align-center wp-block-heading\">Idrija <\/h4>\n\n\n\n<p>To je bilo sicer le ob\u010dinsko prvenstvo z navadnimi sankami. Tekmovali smo na progi na Hlevi\u0161ah (priloga VIII). Ni bila najbolj\u0161e pripravljena in le z dobrimi sanmi se je dalo kaj dose\u010di. Jaz sem jih imel in sem zaupal vanje. Vsi ostali so bili na tekmi v Tr\u017ei\u010du in sem se po\u010dutil skoraj neogro\u017eenega. Pa se ti pojavi ta nadloga Jo\u017ee, ki je spet izumil ene nove sanke, ki so rajdale kot dirka\u0161ke. Sem \u017ee pokopan, sem si mislil. Imel sem \u0161tevilko okrog 30. \u0160e kar dobro sem vozil, ko sem pri\u0161el skozi cilj so rekli, da mi ni kazalo \u010dasa. \u0160el sem ponovno na \u0161tart, namazal \u0161ine in kar takoj \u0161tartal, takoj po prvem ovinku sem nekoliko zaplu\u017eil v suh sneg, druga\u010de pa je bila proga hitrej\u0161a in sem dosegel dale\u010d najbolj\u0161i \u010das 1,52.. . \u0160e enkrat sem tekel na \u0161tart, da bi dal sanke Simetu ali Cirilu, pa sem bil prekasen. Pa me je za sanke prosil en stari debeljko iz \u010cekovnkarskega klana Mohori\u010dev. \u017de v prvi rajdi je tako telebnil, da so se sanke samo stegnile. Kaj sem hotel. Prijel sem sanke in jih odnesel do cilja. Po\u010dakal sem \u0161e Jo\u017eeta, ki me je nascal samo za dve sekundi. Med zadnjimi je \u0161tartal \u0161e Mile \u017donta, ki se je prebil na tretje mesto, bil pa je 19. sekund za mano. Razglasitev je bila v Hlevi\u0161ki ko\u010di. Dobil sem dve medalji in obljubili so mi diplomo. Ni\u0161ta od toga. Splo\u0161no zelo slab dan. Zlomljene sani (pa \u0161e fotrove so), Steve Mahre na katerega sem stavil je bil \u0161ele drugi, za svojim bratom, pa tudi s svojo uvrstitvijo v tako slabi konkurenci nisem bil zadovoljen.  <\/p>\n\n\n\n<p><em>(Opomba: tekma je bila prav na dan olimpijskega slaloma v Sarajevu.)<\/em><\/p>\n\n\n\n<hr class=\"wp-block-separator\"\/>\n\n\n\n<div class=\"wp-block-file aligncenter\"><a href=\"http:\/\/www.saklub-idrija.si\/wp-content\/uploads\/2019\/04\/16.pdf\">Skenirana \u0161tirinajsta stran<\/a><\/div>\n\n\n\n<h3 class=\"has-text-align-center wp-block-heading\">1984 \u2013 1985 <\/h3>\n\n\n\n<p>Sezona se bi morala pri\u010deti z republi\u0161kim prvenstvom na Hlevi\u0161ah pa s tem ni bilo ni\u010d, ker je bilo premalo snega. Takoj naslednji teden pa je bilo dr\u017eavno na Jesenicah, katerega pa se jaz in E\u010d nisva udele\u017eila zaradi kazni. <\/p>\n\n\n\n<h3 class=\"has-text-align-center wp-block-heading\">Hlevi\u0161e <\/h3>\n\n\n\n<p>Namesto na dr\u017eavno sva se z Editom odpravila na ob\u010dinsko, ki je bilo na Hlevi\u0161ah. \u017de nekaj tednov sva s Cirilom popravljala fotrove sani, da bi bile sposobne premagati tudi Kolerjeve. Ko pa so povedali, da Kolerjev sploh ne bo se mi je kar oddahnilo. <\/p>\n\n\n\n<p>Proga je bila v glavnem ledena in zato zelo hitra. Moje sani so pa tako norele, da sem pred vsako rajdo \u017elajfal. Pred tekmo sem se enkrat spustil in zaril \u017ee v prvem ovinku, druga\u010de pa je \u0161lo OK. Ker me je preve\u010d spodna\u0161alo sem malo zategnil \u0161ine. Pri tem so me zalotili nekateri tekmovalci, ki so imeli ogromno proti mojim te\u017ekim in predelanim sankam, tako, da sem se \u017ee bal, da bom diskvalificiran. Ni\u0161ta od toga. Imel sem \u0161tevilko 31, ker pa je za\u010del naletavati sneg sem raje takoj \u0161tartal, dokler je bila proga \u0161e dovolj hitra, kar prehitra. Na parkiri\u0161\u010du me je spodneslo in sem zaplu\u017eil kot norc. Potem pa ravnina in sem se moral odrivati. \u010cas pa vseeno najbolj\u0161i. (2.22\u2026) Nisem ga pa izvedel takoj in sem mislil, da so me \u017ee trije ali \u0161tirje prehiteli. Ko pa sem pogledal na list s \u010dasi me je kar scat prijelo. Barakar je bil 3 sec. za mano, tretji pa \u017ee skoraj pol minute.  <\/p>\n\n\n\n<p>Ne zlata, pa\u010d pa lesena medalja s \u0161tevilko ena. Pa sem \u017ee mislil, da bo tudi zlato viselo nad mojo posteljo.     <\/p>\n\n\n\n<hr class=\"wp-block-separator\"\/>\n\n\n\n<div class=\"wp-block-file aligncenter\"><a href=\"http:\/\/www.saklub-idrija.si\/wp-content\/uploads\/2019\/04\/17.pdf\">Priloge I. do IV.<\/a><\/div>\n\n\n\n<hr class=\"wp-block-separator\"\/>\n\n\n\n<div class=\"wp-block-file aligncenter\"><a href=\"http:\/\/www.saklub-idrija.si\/wp-content\/uploads\/2019\/04\/18.pdf\">Priloga V.<\/a><\/div>\n\n\n\n<hr class=\"wp-block-separator\"\/>\n\n\n\n<div class=\"wp-block-file aligncenter\"><a href=\"http:\/\/www.saklub-idrija.si\/wp-content\/uploads\/2019\/04\/Jesenice.pdf\">Osnutek skice Jesenice in pri Kobalu<\/a><\/div>\n\n\n\n<hr class=\"wp-block-separator\"\/>\n\n\n\n<div class=\"wp-block-file aligncenter\"><a href=\"http:\/\/www.saklub-idrija.si\/wp-content\/uploads\/2019\/04\/Beljak.pdf\">Osnutek skice Beljak<\/a><\/div>\n\n\n\n<hr class=\"wp-block-separator\"\/>\n\n\n\n<p><em>(Opomba: ostalih prilog pa ni&#8230;)<\/em><\/p>\n\n\n\n<hr class=\"wp-block-separator\"\/>\n\n\n\n<div class=\"wp-block-image\"><figure class=\"aligncenter\"><img loading=\"lazy\" decoding=\"async\" width=\"560\" height=\"495\" src=\"http:\/\/www.saklub-idrija.si\/wp-content\/uploads\/2019\/04\/Zadnja.jpg\" alt=\"\" class=\"wp-image-1120\" srcset=\"http:\/\/www.saklub-idrija.si\/wp-content\/uploads\/2019\/04\/Zadnja.jpg 560w, http:\/\/www.saklub-idrija.si\/wp-content\/uploads\/2019\/04\/Zadnja-300x265.jpg 300w, http:\/\/www.saklub-idrija.si\/wp-content\/uploads\/2019\/04\/Zadnja-370x327.jpg 370w\" sizes=\"(max-width: 560px) 100vw, 560px\" \/><figcaption>Hrbtna stran mape<\/figcaption><\/figure><\/div>\n\n\n<p><a href=\"http:\/\/www.saklub-idrija.si\/wp-content\/uploads\/2020\/01\/BannerDolNov.jpg\"><img loading=\"lazy\" decoding=\"async\" class=\"aligncenter size-full wp-image-1758\" src=\"http:\/\/www.saklub-idrija.si\/wp-content\/uploads\/2020\/01\/BannerDolNov.jpg\" alt=\"\" width=\"1582\" height=\"170\" srcset=\"http:\/\/www.saklub-idrija.si\/wp-content\/uploads\/2020\/01\/BannerDolNov.jpg 1582w, http:\/\/www.saklub-idrija.si\/wp-content\/uploads\/2020\/01\/BannerDolNov-300x32.jpg 300w, http:\/\/www.saklub-idrija.si\/wp-content\/uploads\/2020\/01\/BannerDolNov-1024x110.jpg 1024w, http:\/\/www.saklub-idrija.si\/wp-content\/uploads\/2020\/01\/BannerDolNov-768x83.jpg 768w, http:\/\/www.saklub-idrija.si\/wp-content\/uploads\/2020\/01\/BannerDolNov-1536x165.jpg 1536w, http:\/\/www.saklub-idrija.si\/wp-content\/uploads\/2020\/01\/BannerDolNov-370x40.jpg 370w, http:\/\/www.saklub-idrija.si\/wp-content\/uploads\/2020\/01\/BannerDolNov-1040x112.jpg 1040w\" sizes=\"(max-width: 1582px) 100vw, 1582px\" \/><\/a><\/p>","protected":false},"excerpt":{"rendered":"<p>V veliko veselje mi je bilo, ko sem 24.4.2019 v kleti na\u0161el zapiske s sanka\u0161kih tekem med leti 1980 in 1985. Mulc trapast, kak\u0161ne sem pisal! Nasmejal pa ob branju kar&#8230; Upam, da se boste[&#8230;]<\/p>\n","protected":false},"author":2,"featured_media":0,"parent":270,"menu_order":1,"comment_status":"closed","ping_status":"closed","template":"","meta":{"footnotes":""},"_links":{"self":[{"href":"http:\/\/www.saklub-idrija.si\/index.php?rest_route=\/wp\/v2\/pages\/1052"}],"collection":[{"href":"http:\/\/www.saklub-idrija.si\/index.php?rest_route=\/wp\/v2\/pages"}],"about":[{"href":"http:\/\/www.saklub-idrija.si\/index.php?rest_route=\/wp\/v2\/types\/page"}],"author":[{"embeddable":true,"href":"http:\/\/www.saklub-idrija.si\/index.php?rest_route=\/wp\/v2\/users\/2"}],"replies":[{"embeddable":true,"href":"http:\/\/www.saklub-idrija.si\/index.php?rest_route=%2Fwp%2Fv2%2Fcomments&post=1052"}],"version-history":[{"count":72,"href":"http:\/\/www.saklub-idrija.si\/index.php?rest_route=\/wp\/v2\/pages\/1052\/revisions"}],"predecessor-version":[{"id":1973,"href":"http:\/\/www.saklub-idrija.si\/index.php?rest_route=\/wp\/v2\/pages\/1052\/revisions\/1973"}],"up":[{"embeddable":true,"href":"http:\/\/www.saklub-idrija.si\/index.php?rest_route=\/wp\/v2\/pages\/270"}],"wp:attachment":[{"href":"http:\/\/www.saklub-idrija.si\/index.php?rest_route=%2Fwp%2Fv2%2Fmedia&parent=1052"}],"curies":[{"name":"wp","href":"https:\/\/api.w.org\/{rel}","templated":true}]}}