{"id":2,"date":"2018-02-09T10:16:34","date_gmt":"2018-02-09T09:16:34","guid":{"rendered":"http:\/\/www.saklub-idrija.si\/?page_id=2"},"modified":"2026-01-18T18:44:03","modified_gmt":"2026-01-18T17:44:03","slug":"vzorcna-stran","status":"publish","type":"page","link":"http:\/\/www.saklub-idrija.si\/","title":{"rendered":"DOBRODO\u0160LI"},"content":{"rendered":"<p style=\"text-align: center;\">na internetni strani SaK Idrija in v<\/p>\n<h6><\/h6>\n<p><a href=\"https:\/\/www.visit-idrija.si\/\" target=\"_blank\" rel=\"noopener\"><img loading=\"lazy\" decoding=\"async\" class=\"aligncenter size-full wp-image-1660\" src=\"http:\/\/www.saklub-idrija.si\/wp-content\/uploads\/2021\/01\/idrija_primarni-01a.jpg\" alt=\"\" width=\"791\" height=\"153\" srcset=\"http:\/\/www.saklub-idrija.si\/wp-content\/uploads\/2021\/01\/idrija_primarni-01a.jpg 791w, http:\/\/www.saklub-idrija.si\/wp-content\/uploads\/2021\/01\/idrija_primarni-01a-300x58.jpg 300w, http:\/\/www.saklub-idrija.si\/wp-content\/uploads\/2021\/01\/idrija_primarni-01a-768x149.jpg 768w, http:\/\/www.saklub-idrija.si\/wp-content\/uploads\/2021\/01\/idrija_primarni-01a-370x72.jpg 370w\" sizes=\"(max-width: 791px) 100vw, 791px\" \/><\/a><\/p>\n<h6><\/h6>\n<hr \/>\n<h2 style=\"text-align: center;\">NOVICE<\/h2>\n<hr \/>\n<h5 style=\"text-align: center;\">Status sanka\u0161ke proge <a href=\"http:\/\/www.saklub-idrija.si\/?page_id=294\">na Talerju<\/a>: NI UREJENO!<\/h5>\n<hr \/>\n<h1 style=\"text-align: center;\"><strong>2026<\/strong><\/h1>\n<p style=\"text-align: left;\"><strong>Ned. 18.1.-<\/strong> Na svetovni dan sankanja je Prvi program radia Slovenija objavil prav lep prispevek \ud83d\ude00 : <a href=\"https:\/\/prvi.rtvslo.si\/podkast\/nedeljska-reportaza\/96\/175190581\" target=\"_blank\" rel=\"noopener\">Nedeljska reporta\u017ea na Prvem<\/a>.<\/p>\n<p><strong>\u010cet. 15.1.-\u00a0<\/strong>Progo &#8216;je pobralo&#8217;. \ud83d\ude41<\/p>\n<p><strong>Pon. 12.1.-<\/strong> Proga je urejena, a je \u017ee v prihodnjih dneh napovedana odjuga. S padavinami!<\/p>\n<p style=\"text-align: center;\">SANKANJE NA LASTNO ODGOVORNOST!<\/p>\n<p>Danes se nam je na Talerju pridru\u017eila novinarka Prvega programa Radia Slovenija \u0160pela \u0160ebenik. \u0160pela je pravi sanka\u0161ki talent, za povrh pa \u0161e dobra novinarka \ud83d\ude09 . V nedeljo 18.1. ob 14:30 zato pri\u010dakujemo prav lep prispevek \ud83d\ude42<\/p>\n<figure id=\"attachment_2157\" aria-describedby=\"caption-attachment-2157\" style=\"width: 1024px\" class=\"wp-caption aligncenter\"><a href=\"http:\/\/www.saklub-idrija.si\/wp-content\/uploads\/2026\/01\/Francitava-niva.jpg\"><img loading=\"lazy\" decoding=\"async\" class=\"wp-image-2157 size-large\" src=\"http:\/\/www.saklub-idrija.si\/wp-content\/uploads\/2026\/01\/Francitava-niva-1024x758.jpg\" alt=\"\" width=\"1024\" height=\"758\" srcset=\"http:\/\/www.saklub-idrija.si\/wp-content\/uploads\/2026\/01\/Francitava-niva-1024x758.jpg 1024w, http:\/\/www.saklub-idrija.si\/wp-content\/uploads\/2026\/01\/Francitava-niva-300x222.jpg 300w, http:\/\/www.saklub-idrija.si\/wp-content\/uploads\/2026\/01\/Francitava-niva-768x568.jpg 768w, http:\/\/www.saklub-idrija.si\/wp-content\/uploads\/2026\/01\/Francitava-niva-370x274.jpg 370w, http:\/\/www.saklub-idrija.si\/wp-content\/uploads\/2026\/01\/Francitava-niva-1040x770.jpg 1040w, http:\/\/www.saklub-idrija.si\/wp-content\/uploads\/2026\/01\/Francitava-niva.jpg 1400w\" sizes=\"(max-width: 1024px) 100vw, 1024px\" \/><\/a><figcaption id=\"caption-attachment-2157\" class=\"wp-caption-text\">Sre\u010dko, \u0160pela in David pod Francijevo njivo<\/figcaption><\/figure>\n<figure id=\"attachment_2156\" aria-describedby=\"caption-attachment-2156\" style=\"width: 1024px\" class=\"wp-caption aligncenter\"><a href=\"http:\/\/www.saklub-idrija.si\/wp-content\/uploads\/2026\/01\/Cilj.jpg\"><img loading=\"lazy\" decoding=\"async\" class=\"size-large wp-image-2156\" src=\"http:\/\/www.saklub-idrija.si\/wp-content\/uploads\/2026\/01\/Cilj-1024x777.jpg\" alt=\"\" width=\"1024\" height=\"777\" srcset=\"http:\/\/www.saklub-idrija.si\/wp-content\/uploads\/2026\/01\/Cilj-1024x777.jpg 1024w, http:\/\/www.saklub-idrija.si\/wp-content\/uploads\/2026\/01\/Cilj-300x228.jpg 300w, http:\/\/www.saklub-idrija.si\/wp-content\/uploads\/2026\/01\/Cilj-768x583.jpg 768w, http:\/\/www.saklub-idrija.si\/wp-content\/uploads\/2026\/01\/Cilj-370x281.jpg 370w, http:\/\/www.saklub-idrija.si\/wp-content\/uploads\/2026\/01\/Cilj-1040x789.jpg 1040w, http:\/\/www.saklub-idrija.si\/wp-content\/uploads\/2026\/01\/Cilj.jpg 1450w\" sizes=\"(max-width: 1024px) 100vw, 1024px\" \/><\/a><figcaption id=\"caption-attachment-2156\" class=\"wp-caption-text\">Ciljni pozdrav<\/figcaption><\/figure>\n<hr \/>\n<p style=\"text-align: left;\"><b>Pon. 22.1.- <\/b>V petek in soboto je v Jaufentalu (ITA) potekala Velika nagrada Evrope v sankanju s \u0161portnimi sanmi. Iz na\u0161ega kluba se je tekmovanja udele\u017eil Stane Koler in v svoji kategoriji dosegel 9. mesto. <strong>\u010cestitamo!<\/strong><\/p>\n<p><a href=\"http:\/\/www.saklub-idrija.si\/wp-content\/uploads\/2024\/01\/Koler-VNE.jpg\"><img loading=\"lazy\" decoding=\"async\" class=\"aligncenter wp-image-2145 size-medium\" src=\"http:\/\/www.saklub-idrija.si\/wp-content\/uploads\/2024\/01\/Koler-VNE-300x200.jpg\" alt=\"\" width=\"300\" height=\"200\" srcset=\"http:\/\/www.saklub-idrija.si\/wp-content\/uploads\/2024\/01\/Koler-VNE-300x200.jpg 300w, http:\/\/www.saklub-idrija.si\/wp-content\/uploads\/2024\/01\/Koler-VNE-1024x683.jpg 1024w, http:\/\/www.saklub-idrija.si\/wp-content\/uploads\/2024\/01\/Koler-VNE-768x513.jpg 768w, http:\/\/www.saklub-idrija.si\/wp-content\/uploads\/2024\/01\/Koler-VNE-370x247.jpg 370w, http:\/\/www.saklub-idrija.si\/wp-content\/uploads\/2024\/01\/Koler-VNE-1040x694.jpg 1040w, http:\/\/www.saklub-idrija.si\/wp-content\/uploads\/2024\/01\/Koler-VNE.jpg 1305w\" sizes=\"(max-width: 300px) 100vw, 300px\" \/><\/a><\/p>\n<p style=\"text-align: left;\"><b>Pet. 19.1.<\/b>&#8211; Danes smo za silo pripravili progo. Vsi varnostni elementi \u0161e niso name\u0161\u010deni, spodnji del zna biti leden ali vsaj pomrznjen, zatorej previdno! Sankate pa takaltak na svojo odgovornost!<a href=\"http:\/\/www.saklub-idrija.si\/wp-content\/uploads\/2024\/01\/20240119_200443-rotated.jpg\"><img loading=\"lazy\" decoding=\"async\" class=\"aligncenter size-large wp-image-2141\" src=\"http:\/\/www.saklub-idrija.si\/wp-content\/uploads\/2024\/01\/20240119_200443-576x1024.jpg\" alt=\"\" width=\"576\" height=\"1024\" srcset=\"http:\/\/www.saklub-idrija.si\/wp-content\/uploads\/2024\/01\/20240119_200443-576x1024.jpg 576w, http:\/\/www.saklub-idrija.si\/wp-content\/uploads\/2024\/01\/20240119_200443-169x300.jpg 169w, http:\/\/www.saklub-idrija.si\/wp-content\/uploads\/2024\/01\/20240119_200443-768x1365.jpg 768w, http:\/\/www.saklub-idrija.si\/wp-content\/uploads\/2024\/01\/20240119_200443-864x1536.jpg 864w, http:\/\/www.saklub-idrija.si\/wp-content\/uploads\/2024\/01\/20240119_200443-370x658.jpg 370w, http:\/\/www.saklub-idrija.si\/wp-content\/uploads\/2024\/01\/20240119_200443-1040x1849.jpg 1040w, http:\/\/www.saklub-idrija.si\/wp-content\/uploads\/2024\/01\/20240119_200443-rotated.jpg 1125w\" sizes=\"(max-width: 576px) 100vw, 576px\" \/><\/a><\/p>\n<hr \/>\n<p style=\"text-align: left;\"><b>Pet. 24.11.- <\/b>Delovna akcija na Talerju: Sobota, 25.11. ob 9:00. Po\u010distimo listje in poravnamo cesti\u0161\u010de. Prinesite ustrezno orodje in delovno vnemo \ud83d\ude09<\/p>\n<p style=\"text-align: left;\"><b>\u010cet. 9.3.- <\/b>V nedeljo 12. marca zaklju\u010dek Pokala Slovenije. \u010clani SaK Jesenice bodo na progi v Savskih jamah nad Jesenicami izpeljali Dr\u017eavno prvenstvo in Memorial 2023.<\/p>\n<p style=\"text-align: center;\"><strong>Prijave do 9:00! Vabljeni!<\/strong><\/p>\n<hr \/>\n<p><strong>Sre. 1.2.- V nedeljsk<\/strong>i &gt;<a href=\"http:\/\/primorskival.si\/novica.php?oid=18802\">Pisanki<\/a>&lt; na Primorskem valu tudi o na\u0161em klubu.<\/p>\n<hr \/>\n<p><b>Pon. 30.1.- <\/b>Proga je pomrznjena, a ne ledena. Varnostni elementi \u0161e vedno niso name\u0161\u010deni! <b><strong>Sankate na lastno odgovornost!<\/strong><\/b><\/p>\n<p><b>\u010cet. 26.1.- <\/b>Kon\u010dno je uspelo! Fantje so uspeli progo pripraviti do te mere, da bo sankanje kon\u010dno mo\u017eno. Treba je sicer \u0161e namestiti dodatne varnostne elemente, zato PREVIDNO! <strong>Sankate pa seveda na lastno odgovornost.\u00a0<\/strong><\/p>\n<figure id=\"attachment_2115\" aria-describedby=\"caption-attachment-2115\" style=\"width: 600px\" class=\"wp-caption aligncenter\"><a href=\"http:\/\/www.saklub-idrija.si\/wp-content\/uploads\/2023\/01\/2.jpg\"><img loading=\"lazy\" decoding=\"async\" class=\"size-full wp-image-2115\" src=\"http:\/\/www.saklub-idrija.si\/wp-content\/uploads\/2023\/01\/2.jpg\" alt=\"\" width=\"600\" height=\"800\" srcset=\"http:\/\/www.saklub-idrija.si\/wp-content\/uploads\/2023\/01\/2.jpg 600w, http:\/\/www.saklub-idrija.si\/wp-content\/uploads\/2023\/01\/2-225x300.jpg 225w, http:\/\/www.saklub-idrija.si\/wp-content\/uploads\/2023\/01\/2-370x493.jpg 370w\" sizes=\"(max-width: 600px) 100vw, 600px\" \/><\/a><figcaption id=\"caption-attachment-2115\" class=\"wp-caption-text\">Sino\u010di<\/figcaption><\/figure>\n<figure id=\"attachment_2114\" aria-describedby=\"caption-attachment-2114\" style=\"width: 800px\" class=\"wp-caption aligncenter\"><a href=\"http:\/\/www.saklub-idrija.si\/wp-content\/uploads\/2023\/01\/1.jpg\"><img loading=\"lazy\" decoding=\"async\" class=\"size-full wp-image-2114\" src=\"http:\/\/www.saklub-idrija.si\/wp-content\/uploads\/2023\/01\/1.jpg\" alt=\"\" width=\"800\" height=\"730\" srcset=\"http:\/\/www.saklub-idrija.si\/wp-content\/uploads\/2023\/01\/1.jpg 800w, http:\/\/www.saklub-idrija.si\/wp-content\/uploads\/2023\/01\/1-300x274.jpg 300w, http:\/\/www.saklub-idrija.si\/wp-content\/uploads\/2023\/01\/1-768x701.jpg 768w, http:\/\/www.saklub-idrija.si\/wp-content\/uploads\/2023\/01\/1-370x338.jpg 370w\" sizes=\"(max-width: 800px) 100vw, 800px\" \/><\/a><figcaption id=\"caption-attachment-2114\" class=\"wp-caption-text\">Danes<\/figcaption><\/figure>\n<p><b>Ned. 22.2- <\/b>Precej truda vlo\u017eenega, napredek viden, jutri spet padavine. Upamo samo, da bo ve\u010d snega kot de\u017eja&#8230;<\/p>\n<p><strong>Sob. 21.1.- <\/strong>Spet ni \u0161e popolnoma uspelo, tokrat zaradi tehni\u010dnih te\u017eav. Nadaljujemo jutri!<\/p>\n<p><strong>Pet. 20<\/strong><strong>.1.- <\/strong>Fantje so \u0161li danes na progo, a se je ni dalo urediti, saj je sneg nenormalno nenormalen. \u010ce bodo uspeli usposobiti motorne sanke, sledi jutri \u0161e en poskus!<\/p>\n<p><strong>\u010cet. 5.1.-<\/strong> Tako kot zima, tudi moderator te strani ni(sem) v kaki formi&#8230;<\/p>\n<p>Proge nam v leto\u0161nji zimi \u0161e ni uspelo urediti. Nekaj malega je sicer zapadlo, a premalo, da bi se sploh imelo smisel premakniti s kav\u010da.<\/p>\n<p>Nu\u0161a se je udele\u017eila prve tekme mladinskega svetovnega pokala in zasedla 16. mesto.<\/p>\n<p>Presidenta so zasli\u0161evali na Idrijskih novicah, rezultati v pripetem prispevku:<br \/>\n<iframe loading=\"lazy\" title=\"YouTube video player\" src=\"https:\/\/www.youtube.com\/embed\/--vPiHOi-dE\" width=\"560\" height=\"315\" frameborder=\"0\" allowfullscreen=\"allowfullscreen\"><\/iframe><\/p>\n<hr \/>\n<h2><strong>Ned. 1.1.-<\/strong> SRE\u010cNO NOVO LETO vam \u017eelimo.<\/h2>\n<hr \/>\n<p><strong>Tor. 13.9.-<\/strong> \u0160e zadnji poskus. \u0160portna zveza Idrija prestavlja \u0160portno tr\u017enico na SREDO, 21. septembra. Pridite po 16. uri na Mestni trg v Idriji!<\/p>\n<p><strong>Tor. 6.9.-<\/strong> Zaradi slabe vremenske napovedi \u0160portna zveza Idrija prestavlja \u0160portno tr\u017enico za teden dni, torej na \u010detrtek 15. septembra!<\/p>\n<p><strong>Ned. 4.9.-<\/strong> Ta konec tedna sta v nem\u0161kem mestu Unterammergau potekala Velika nagrada Evrope in Evropsko prvenstvo v sankanju s sanmi na kole\u0161\u010dkih. Iz na\u0161ega kluba sta se tekem udele\u017eila Nu\u0161a in Stane. Slednji je, na \u017ealost, zaradi te\u017eav z opremo, odstopil \u017ee po prvem treningu. Nu\u0161a je na VN Evrope zasedla peto mesto med mladinkami in se s tem uvrstila na nedeljsko Evropsko prvenstvo, kjer je osvojila je kon\u010dno deveto mesto med \u017eenskami absolutno. Kot \u010dlanica druge ekipe Slovenije je na ekipni tekmi zasedla osmo mesto. \u010cestitke!<\/p>\n<figure id=\"attachment_2094\" aria-describedby=\"caption-attachment-2094\" style=\"width: 600px\" class=\"wp-caption aligncenter\"><a href=\"http:\/\/www.saklub-idrija.si\/wp-content\/uploads\/2022\/09\/Nusaaa.jpg\"><img loading=\"lazy\" decoding=\"async\" class=\"size-full wp-image-2094\" src=\"http:\/\/www.saklub-idrija.si\/wp-content\/uploads\/2022\/09\/Nusaaa.jpg\" alt=\"\" width=\"600\" height=\"804\" srcset=\"http:\/\/www.saklub-idrija.si\/wp-content\/uploads\/2022\/09\/Nusaaa.jpg 600w, http:\/\/www.saklub-idrija.si\/wp-content\/uploads\/2022\/09\/Nusaaa-224x300.jpg 224w, http:\/\/www.saklub-idrija.si\/wp-content\/uploads\/2022\/09\/Nusaaa-370x496.jpg 370w\" sizes=\"(max-width: 600px) 100vw, 600px\" \/><\/a><figcaption id=\"caption-attachment-2094\" class=\"wp-caption-text\">No fear<\/figcaption><\/figure>\n<figure id=\"attachment_2095\" aria-describedby=\"caption-attachment-2095\" style=\"width: 700px\" class=\"wp-caption aligncenter\"><a href=\"http:\/\/www.saklub-idrija.si\/wp-content\/uploads\/2022\/09\/Tim.jpg\"><img loading=\"lazy\" decoding=\"async\" class=\"size-full wp-image-2095\" src=\"http:\/\/www.saklub-idrija.si\/wp-content\/uploads\/2022\/09\/Tim.jpg\" alt=\"\" width=\"700\" height=\"593\" srcset=\"http:\/\/www.saklub-idrija.si\/wp-content\/uploads\/2022\/09\/Tim.jpg 700w, http:\/\/www.saklub-idrija.si\/wp-content\/uploads\/2022\/09\/Tim-300x254.jpg 300w, http:\/\/www.saklub-idrija.si\/wp-content\/uploads\/2022\/09\/Tim-370x313.jpg 370w\" sizes=\"(max-width: 700px) 100vw, 700px\" \/><\/a><figcaption id=\"caption-attachment-2095\" class=\"wp-caption-text\">Slovenija II.<\/figcaption><\/figure>\n<hr \/>\n<p><strong>Sre. 31.8.- <\/strong>V \u010detrtek 8. septembra bomo (skupaj \u0161e +\/- ducat \u0161portnimi dru\u0161tvi) sodelovali na prvi \u0160portni tr\u017enici v organizaciji \u0160portne zveze Idrija. Potekala bo na Mestnem trgu v Idriji, od 16. ure dalje. Prireditev je sofinancirana s strani Fundacije za \u0161port. Ve\u010d o dogodku <a href=\"https:\/\/sportnazvezaidrija.si\/?p=388\">tukaj<\/a>. Vabljeni, da pridete pogledat in morda najdete kaj zanimivega zase ali za svoje otroke!<\/p>\n<p><a href=\"http:\/\/www.saklub-idrija.si\/wp-content\/uploads\/2022\/08\/Plakatmali.jpg\"><img loading=\"lazy\" decoding=\"async\" class=\"aligncenter size-full wp-image-2089\" src=\"http:\/\/www.saklub-idrija.si\/wp-content\/uploads\/2022\/08\/Plakatmali.jpg\" alt=\"\" width=\"826\" height=\"1166\" srcset=\"http:\/\/www.saklub-idrija.si\/wp-content\/uploads\/2022\/08\/Plakatmali.jpg 826w, http:\/\/www.saklub-idrija.si\/wp-content\/uploads\/2022\/08\/Plakatmali-213x300.jpg 213w, http:\/\/www.saklub-idrija.si\/wp-content\/uploads\/2022\/08\/Plakatmali-725x1024.jpg 725w, http:\/\/www.saklub-idrija.si\/wp-content\/uploads\/2022\/08\/Plakatmali-768x1084.jpg 768w, http:\/\/www.saklub-idrija.si\/wp-content\/uploads\/2022\/08\/Plakatmali-370x522.jpg 370w\" sizes=\"(max-width: 826px) 100vw, 826px\" \/><\/a><\/p>\n<p><strong>Ned. 7.8.- <\/strong>V\u010deraj in danes je v hrva\u0161kih Delnicah v organizaciji SK Prepnek Delnice potekala Velika nagrada Hrva\u0161ke v sankanju s sanmi na kole\u0161\u010dkih. Iz na\u0161ega kluba sta se tekme udele\u017eila Nu\u0161a in Stane. Nu\u0161a je bila obakrat \u010detrta, Stane v\u010deraj deveti, danes osmi. \u010cestitke obema!<\/p>\n<p>(Foto: SK Prepnek Delnice)<\/p>\n<figure id=\"attachment_2081\" aria-describedby=\"caption-attachment-2081\" style=\"width: 800px\" class=\"wp-caption aligncenter\"><a href=\"http:\/\/www.saklub-idrija.si\/wp-content\/uploads\/2022\/08\/FB_IMG_1660035231224.jpg\"><img loading=\"lazy\" decoding=\"async\" class=\"size-full wp-image-2081\" src=\"http:\/\/www.saklub-idrija.si\/wp-content\/uploads\/2022\/08\/FB_IMG_1660035231224.jpg\" alt=\"\" width=\"800\" height=\"533\" srcset=\"http:\/\/www.saklub-idrija.si\/wp-content\/uploads\/2022\/08\/FB_IMG_1660035231224.jpg 800w, http:\/\/www.saklub-idrija.si\/wp-content\/uploads\/2022\/08\/FB_IMG_1660035231224-300x200.jpg 300w, http:\/\/www.saklub-idrija.si\/wp-content\/uploads\/2022\/08\/FB_IMG_1660035231224-768x512.jpg 768w, http:\/\/www.saklub-idrija.si\/wp-content\/uploads\/2022\/08\/FB_IMG_1660035231224-370x247.jpg 370w\" sizes=\"(max-width: 800px) 100vw, 800px\" \/><\/a><figcaption id=\"caption-attachment-2081\" class=\"wp-caption-text\">Nu\u0161a na startu<\/figcaption><\/figure>\n<figure id=\"attachment_2078\" aria-describedby=\"caption-attachment-2078\" style=\"width: 800px\" class=\"wp-caption aligncenter\"><a href=\"http:\/\/www.saklub-idrija.si\/wp-content\/uploads\/2022\/08\/FB_IMG_1660035103780.jpg\"><img loading=\"lazy\" decoding=\"async\" class=\"size-full wp-image-2078\" src=\"http:\/\/www.saklub-idrija.si\/wp-content\/uploads\/2022\/08\/FB_IMG_1660035103780.jpg\" alt=\"\" width=\"800\" height=\"533\" srcset=\"http:\/\/www.saklub-idrija.si\/wp-content\/uploads\/2022\/08\/FB_IMG_1660035103780.jpg 800w, http:\/\/www.saklub-idrija.si\/wp-content\/uploads\/2022\/08\/FB_IMG_1660035103780-300x200.jpg 300w, http:\/\/www.saklub-idrija.si\/wp-content\/uploads\/2022\/08\/FB_IMG_1660035103780-768x512.jpg 768w, http:\/\/www.saklub-idrija.si\/wp-content\/uploads\/2022\/08\/FB_IMG_1660035103780-370x247.jpg 370w\" sizes=\"(max-width: 800px) 100vw, 800px\" \/><\/a><figcaption id=\"caption-attachment-2078\" class=\"wp-caption-text\">&#8230; in med vo\u017enjo<\/figcaption><\/figure>\n<figure id=\"attachment_2080\" aria-describedby=\"caption-attachment-2080\" style=\"width: 800px\" class=\"wp-caption aligncenter\"><a href=\"http:\/\/www.saklub-idrija.si\/wp-content\/uploads\/2022\/08\/FB_IMG_1660035216859.jpg\"><img loading=\"lazy\" decoding=\"async\" class=\"size-full wp-image-2080\" src=\"http:\/\/www.saklub-idrija.si\/wp-content\/uploads\/2022\/08\/FB_IMG_1660035216859.jpg\" alt=\"\" width=\"800\" height=\"533\" srcset=\"http:\/\/www.saklub-idrija.si\/wp-content\/uploads\/2022\/08\/FB_IMG_1660035216859.jpg 800w, http:\/\/www.saklub-idrija.si\/wp-content\/uploads\/2022\/08\/FB_IMG_1660035216859-300x200.jpg 300w, http:\/\/www.saklub-idrija.si\/wp-content\/uploads\/2022\/08\/FB_IMG_1660035216859-768x512.jpg 768w, http:\/\/www.saklub-idrija.si\/wp-content\/uploads\/2022\/08\/FB_IMG_1660035216859-370x247.jpg 370w\" sizes=\"(max-width: 800px) 100vw, 800px\" \/><\/a><figcaption id=\"caption-attachment-2080\" class=\"wp-caption-text\">Stane na startu<\/figcaption><\/figure>\n<figure id=\"attachment_2079\" aria-describedby=\"caption-attachment-2079\" style=\"width: 800px\" class=\"wp-caption aligncenter\"><a href=\"http:\/\/www.saklub-idrija.si\/wp-content\/uploads\/2022\/08\/FB_IMG_1660035118341.jpg\"><img loading=\"lazy\" decoding=\"async\" class=\"size-full wp-image-2079\" src=\"http:\/\/www.saklub-idrija.si\/wp-content\/uploads\/2022\/08\/FB_IMG_1660035118341.jpg\" alt=\"\" width=\"800\" height=\"533\" srcset=\"http:\/\/www.saklub-idrija.si\/wp-content\/uploads\/2022\/08\/FB_IMG_1660035118341.jpg 800w, http:\/\/www.saklub-idrija.si\/wp-content\/uploads\/2022\/08\/FB_IMG_1660035118341-300x200.jpg 300w, http:\/\/www.saklub-idrija.si\/wp-content\/uploads\/2022\/08\/FB_IMG_1660035118341-768x512.jpg 768w, http:\/\/www.saklub-idrija.si\/wp-content\/uploads\/2022\/08\/FB_IMG_1660035118341-370x247.jpg 370w\" sizes=\"(max-width: 800px) 100vw, 800px\" \/><\/a><figcaption id=\"caption-attachment-2079\" class=\"wp-caption-text\">&#8230; in med vo\u017enjo<\/figcaption><\/figure>\n<hr \/>\n<p><strong>Ned. 17.7.- <\/strong>Na\u0161 Taler\u010dk je bil pred leti tudi fotomodel. V Idrijski Beli. Foto: Robert Zabukovec.<\/p>\n<figure id=\"attachment_2074\" aria-describedby=\"caption-attachment-2074\" style=\"width: 600px\" class=\"wp-caption aligncenter\"><a href=\"http:\/\/www.saklub-idrija.si\/wp-content\/uploads\/2022\/07\/Kuba.jpg\"><img loading=\"lazy\" decoding=\"async\" class=\"size-full wp-image-2074\" src=\"http:\/\/www.saklub-idrija.si\/wp-content\/uploads\/2022\/07\/Kuba.jpg\" alt=\"\" width=\"600\" height=\"950\" srcset=\"http:\/\/www.saklub-idrija.si\/wp-content\/uploads\/2022\/07\/Kuba.jpg 600w, http:\/\/www.saklub-idrija.si\/wp-content\/uploads\/2022\/07\/Kuba-189x300.jpg 189w, http:\/\/www.saklub-idrija.si\/wp-content\/uploads\/2022\/07\/Kuba-370x586.jpg 370w\" sizes=\"(max-width: 600px) 100vw, 600px\" \/><\/a><figcaption id=\"caption-attachment-2074\" class=\"wp-caption-text\">Kuba na Taler\u010dku<\/figcaption><\/figure>\n<p><strong>\u010cet 7.7.-<\/strong> Danes smo sodelovali na \u0160portnih po\u010ditnicah, ki jih organizira \u0160portna zveza Idrija. Na kratko smo predstavili sankanje na splo\u0161no ter izvedli za\u010detni te\u010daj sankanja na kole\u0161\u010dkih. Med mladimi \u0161portnimi navdu\u0161enci smo zaznali kar nekaj talenta. Vsekakor lahko v svojih vrstah pri\u010dakujemo kakega novega \u010dlana.<\/p>\n<figure id=\"attachment_2067\" aria-describedby=\"caption-attachment-2067\" style=\"width: 800px\" class=\"wp-caption aligncenter\"><a href=\"http:\/\/www.saklub-idrija.si\/wp-content\/uploads\/2022\/07\/IMG-20220707-WA0001.jpg\"><img loading=\"lazy\" decoding=\"async\" class=\"size-full wp-image-2067\" src=\"http:\/\/www.saklub-idrija.si\/wp-content\/uploads\/2022\/07\/IMG-20220707-WA0001.jpg\" alt=\"\" width=\"800\" height=\"524\" srcset=\"http:\/\/www.saklub-idrija.si\/wp-content\/uploads\/2022\/07\/IMG-20220707-WA0001.jpg 800w, http:\/\/www.saklub-idrija.si\/wp-content\/uploads\/2022\/07\/IMG-20220707-WA0001-300x197.jpg 300w, http:\/\/www.saklub-idrija.si\/wp-content\/uploads\/2022\/07\/IMG-20220707-WA0001-768x503.jpg 768w, http:\/\/www.saklub-idrija.si\/wp-content\/uploads\/2022\/07\/IMG-20220707-WA0001-370x242.jpg 370w\" sizes=\"(max-width: 800px) 100vw, 800px\" \/><\/a><figcaption id=\"caption-attachment-2067\" class=\"wp-caption-text\">Najprej naglih<\/figcaption><\/figure>\n<figure id=\"attachment_2066\" aria-describedby=\"caption-attachment-2066\" style=\"width: 800px\" class=\"wp-caption aligncenter\"><a href=\"http:\/\/www.saklub-idrija.si\/wp-content\/uploads\/2022\/07\/IMG-20220707-WA0000.jpg\"><img loading=\"lazy\" decoding=\"async\" class=\"size-full wp-image-2066\" src=\"http:\/\/www.saklub-idrija.si\/wp-content\/uploads\/2022\/07\/IMG-20220707-WA0000.jpg\" alt=\"\" width=\"800\" height=\"533\" srcset=\"http:\/\/www.saklub-idrija.si\/wp-content\/uploads\/2022\/07\/IMG-20220707-WA0000.jpg 800w, http:\/\/www.saklub-idrija.si\/wp-content\/uploads\/2022\/07\/IMG-20220707-WA0000-300x200.jpg 300w, http:\/\/www.saklub-idrija.si\/wp-content\/uploads\/2022\/07\/IMG-20220707-WA0000-768x512.jpg 768w, http:\/\/www.saklub-idrija.si\/wp-content\/uploads\/2022\/07\/IMG-20220707-WA0000-370x247.jpg 370w\" sizes=\"(max-width: 800px) 100vw, 800px\" \/><\/a><figcaption id=\"caption-attachment-2066\" class=\"wp-caption-text\">Navodila za v desno<\/figcaption><\/figure>\n<figure id=\"attachment_2068\" aria-describedby=\"caption-attachment-2068\" style=\"width: 800px\" class=\"wp-caption aligncenter\"><a href=\"http:\/\/www.saklub-idrija.si\/wp-content\/uploads\/2022\/07\/IMG-20220707-WA0003.jpg\"><img loading=\"lazy\" decoding=\"async\" class=\"size-full wp-image-2068\" src=\"http:\/\/www.saklub-idrija.si\/wp-content\/uploads\/2022\/07\/IMG-20220707-WA0003.jpg\" alt=\"\" width=\"800\" height=\"536\" srcset=\"http:\/\/www.saklub-idrija.si\/wp-content\/uploads\/2022\/07\/IMG-20220707-WA0003.jpg 800w, http:\/\/www.saklub-idrija.si\/wp-content\/uploads\/2022\/07\/IMG-20220707-WA0003-300x201.jpg 300w, http:\/\/www.saklub-idrija.si\/wp-content\/uploads\/2022\/07\/IMG-20220707-WA0003-768x515.jpg 768w, http:\/\/www.saklub-idrija.si\/wp-content\/uploads\/2022\/07\/IMG-20220707-WA0003-370x248.jpg 370w\" sizes=\"(max-width: 800px) 100vw, 800px\" \/><\/a><figcaption id=\"caption-attachment-2068\" class=\"wp-caption-text\">\u017de samostojno<\/figcaption><\/figure>\n<figure id=\"attachment_2069\" aria-describedby=\"caption-attachment-2069\" style=\"width: 800px\" class=\"wp-caption aligncenter\"><a href=\"http:\/\/www.saklub-idrija.si\/wp-content\/uploads\/2022\/07\/IMG-20220707-WA0005.jpg\"><img loading=\"lazy\" decoding=\"async\" class=\"size-full wp-image-2069\" src=\"http:\/\/www.saklub-idrija.si\/wp-content\/uploads\/2022\/07\/IMG-20220707-WA0005.jpg\" alt=\"\" width=\"800\" height=\"568\" srcset=\"http:\/\/www.saklub-idrija.si\/wp-content\/uploads\/2022\/07\/IMG-20220707-WA0005.jpg 800w, http:\/\/www.saklub-idrija.si\/wp-content\/uploads\/2022\/07\/IMG-20220707-WA0005-300x213.jpg 300w, http:\/\/www.saklub-idrija.si\/wp-content\/uploads\/2022\/07\/IMG-20220707-WA0005-768x545.jpg 768w, http:\/\/www.saklub-idrija.si\/wp-content\/uploads\/2022\/07\/IMG-20220707-WA0005-370x263.jpg 370w\" sizes=\"(max-width: 800px) 100vw, 800px\" \/><\/a><figcaption id=\"caption-attachment-2069\" class=\"wp-caption-text\">Pa \u0161e z dvosedom<\/figcaption><\/figure>\n<hr \/>\n<p><strong>Ned 13.3.-\u00a0<\/strong>Nu\u0161a je zbirki dr\u017eavnih naslovov dodala \u0161e enega. Postala je dr\u017eavna prvakinja v sankanju s \u0161portnimi sanmi za leto 2022!<\/p>\n<p>Uradnih rezultatov dana\u0161nje tekme (ki je \u0161tela tudi za Pokal Slovenije) in skupnega se\u0161tevka sicer \u0161e nimamo, a vseeno lahko zapi\u0161emo, da je v kategoriji starej\u0161ih veteranov drugo mesto danes zasedel Brane; Stane pa osvojil pokal skupnega se\u0161tevka v tej kategoriji. Vsem \u010cestitamo!<\/p>\n<figure id=\"attachment_2060\" aria-describedby=\"caption-attachment-2060\" style=\"width: 700px\" class=\"wp-caption aligncenter\"><a href=\"http:\/\/www.saklub-idrija.si\/wp-content\/uploads\/2022\/03\/DP2022.jpg\"><img loading=\"lazy\" decoding=\"async\" class=\"size-full wp-image-2060\" src=\"http:\/\/www.saklub-idrija.si\/wp-content\/uploads\/2022\/03\/DP2022.jpg\" alt=\"\" width=\"700\" height=\"1074\" srcset=\"http:\/\/www.saklub-idrija.si\/wp-content\/uploads\/2022\/03\/DP2022.jpg 700w, http:\/\/www.saklub-idrija.si\/wp-content\/uploads\/2022\/03\/DP2022-196x300.jpg 196w, http:\/\/www.saklub-idrija.si\/wp-content\/uploads\/2022\/03\/DP2022-667x1024.jpg 667w, http:\/\/www.saklub-idrija.si\/wp-content\/uploads\/2022\/03\/DP2022-370x568.jpg 370w\" sizes=\"(max-width: 700px) 100vw, 700px\" \/><\/a><figcaption id=\"caption-attachment-2060\" class=\"wp-caption-text\">Brane in Nu\u0161a (s Stanetovim pokalom)<\/figcaption><\/figure>\n<p><strong>Pon. 7.3.- <\/strong>Memoriala sta se od \u010dlanov na\u0161ega kluba spet udele\u017eila le Stane in Brane. Tokrat sta v kategoriji starej\u0161ih veteranov dosegla dvojno zmago, Stane torej tretjo zaporedno v tej sezoni, zato pred nedeljskim dr\u017eavnim prvenstvom, ki bo hkrati tudi finale Pokala Slovenije, prepri\u010dljivo vodi v tej kategoriji. \u010cestitke!<\/p>\n<figure id=\"attachment_2056\" aria-describedby=\"caption-attachment-2056\" style=\"width: 795px\" class=\"wp-caption aligncenter\"><a href=\"http:\/\/www.saklub-idrija.si\/wp-content\/uploads\/2022\/03\/Sak2.jpg\"><img loading=\"lazy\" decoding=\"async\" class=\"size-full wp-image-2056\" src=\"http:\/\/www.saklub-idrija.si\/wp-content\/uploads\/2022\/03\/Sak2.jpg\" alt=\"\" width=\"795\" height=\"1059\" srcset=\"http:\/\/www.saklub-idrija.si\/wp-content\/uploads\/2022\/03\/Sak2.jpg 795w, http:\/\/www.saklub-idrija.si\/wp-content\/uploads\/2022\/03\/Sak2-225x300.jpg 225w, http:\/\/www.saklub-idrija.si\/wp-content\/uploads\/2022\/03\/Sak2-769x1024.jpg 769w, http:\/\/www.saklub-idrija.si\/wp-content\/uploads\/2022\/03\/Sak2-768x1023.jpg 768w, http:\/\/www.saklub-idrija.si\/wp-content\/uploads\/2022\/03\/Sak2-370x493.jpg 370w\" sizes=\"(max-width: 795px) 100vw, 795px\" \/><\/a><figcaption id=\"caption-attachment-2056\" class=\"wp-caption-text\">Dvojna zmaga SaK Idrija<\/figcaption><\/figure>\n<p><strong>Sre 2.3.- <\/strong>Sanka\u010di in ekipa so se iz Moskve, na sre\u010do, vrnili brez ve\u010djih te\u017eav!<\/p>\n<p>Jeseni\u010dani razpisujejo novo tekmo Pokala Slovenije. V nedeljo 6.3. bodo izvedli Memorial. Prijave do 9:30, start ob 10:00. Savske jame nad Jesenicami.<\/p>\n<hr \/>\n<p><strong>\u010cet. 24.2.- <\/strong>Neprijetne novice iz Moskve. Zaradi napada Rusije na Ukrajino je zadnja tekma svetovnega pokala odpovedana. Vse reprezentance morajo nemudoma zapustiti dr\u017eavo. <strong>\u017delimo jim varen povratek domov!<\/strong><\/p>\n<p>S tem je leto\u0161nja sezona tekmovalnega sankanja na naravnih progah verjetno \u017ee kon\u010dana. Uradne informacije \u0161e \u010dakamo.<\/p>\n<p><strong>Ned. 20.2.- <\/strong>Zaradi otoplitve so v Mariazellu izpeljali samo eno vo\u017enjo v konkurenci, Nu\u0161a pa je zasedla dvajseto mesto.<\/p>\n<p>(Foto: Miriam Jennewein)<\/p>\n<figure id=\"attachment_2044\" aria-describedby=\"caption-attachment-2044\" style=\"width: 800px\" class=\"wp-caption aligncenter\"><a href=\"http:\/\/www.saklub-idrija.si\/wp-content\/uploads\/2022\/02\/NusaMZ.jpg\"><img loading=\"lazy\" decoding=\"async\" class=\"size-full wp-image-2044\" src=\"http:\/\/www.saklub-idrija.si\/wp-content\/uploads\/2022\/02\/NusaMZ.jpg\" alt=\"\" width=\"800\" height=\"534\" srcset=\"http:\/\/www.saklub-idrija.si\/wp-content\/uploads\/2022\/02\/NusaMZ.jpg 800w, http:\/\/www.saklub-idrija.si\/wp-content\/uploads\/2022\/02\/NusaMZ-300x200.jpg 300w, http:\/\/www.saklub-idrija.si\/wp-content\/uploads\/2022\/02\/NusaMZ-768x513.jpg 768w, http:\/\/www.saklub-idrija.si\/wp-content\/uploads\/2022\/02\/NusaMZ-370x247.jpg 370w\" sizes=\"(max-width: 800px) 100vw, 800px\" \/><\/a><figcaption id=\"caption-attachment-2044\" class=\"wp-caption-text\">Z nasmehom<\/figcaption><\/figure>\n<p>Pokala mesta Jesenice sta se udele\u017eila Stane in Brane ter ponovno osvojila prvo in tretje mesto v kategoriji starej\u0161ih \u010dlanov.<\/p>\n<p>Vsem iskreno \u010destitamo!<\/p>\n<figure id=\"attachment_2045\" aria-describedby=\"caption-attachment-2045\" style=\"width: 600px\" class=\"wp-caption aligncenter\"><a href=\"http:\/\/www.saklub-idrija.si\/wp-content\/uploads\/2022\/02\/SAK.jpg\"><img loading=\"lazy\" decoding=\"async\" class=\"size-full wp-image-2045\" src=\"http:\/\/www.saklub-idrija.si\/wp-content\/uploads\/2022\/02\/SAK.jpg\" alt=\"\" width=\"600\" height=\"799\" srcset=\"http:\/\/www.saklub-idrija.si\/wp-content\/uploads\/2022\/02\/SAK.jpg 600w, http:\/\/www.saklub-idrija.si\/wp-content\/uploads\/2022\/02\/SAK-225x300.jpg 225w, http:\/\/www.saklub-idrija.si\/wp-content\/uploads\/2022\/02\/SAK-370x493.jpg 370w\" sizes=\"(max-width: 600px) 100vw, 600px\" \/><\/a><figcaption id=\"caption-attachment-2045\" class=\"wp-caption-text\">Re\u0161evalca (na\u0161e \u010dasti)<\/figcaption><\/figure>\n<p><strong>\u010cet. 17.2.- <\/strong>V avstrijskem Mariazellu je ta konec tedna na sporedu predzadnja tekma \u010dlanskega svetovnega pokala, ki se ga udele\u017euje tudi Nu\u0161a. Napoved je precej topla, zato bo morda spored nekoliko okrnjen.<\/p>\n<p>SaK Jesenice\u00a0 za nedeljo 20.2. razpisuje drugo tekmo Pokala Slovenije: 61. pokal mesta Jesenice. Savske jame, prijave do 9:30, start ob 10:00. <strong>Vabljeni!<\/strong><\/p>\n<p><strong>Sob. 12.2.-<\/strong> \u010ceprav \u0161e mladinka, se je Nu\u0161a udele\u017eila tudi \u010dlanskega Evropskega prvenstva, ki poteka v italijanskem Laasu. Na zmeh\u010dani progi se na\u0161a dekleta niso najbolje zna\u0161la, Nu\u0161a pa je bila na koncu devetnajsta. \u010cestitamo!<\/p>\n<p>(Foto: Miriam Jennewein)<\/p>\n<figure id=\"attachment_2038\" aria-describedby=\"caption-attachment-2038\" style=\"width: 800px\" class=\"wp-caption aligncenter\"><a href=\"http:\/\/www.saklub-idrija.si\/wp-content\/uploads\/2022\/02\/NusaLaas.jpg\"><img loading=\"lazy\" decoding=\"async\" class=\"size-full wp-image-2038\" src=\"http:\/\/www.saklub-idrija.si\/wp-content\/uploads\/2022\/02\/NusaLaas.jpg\" alt=\"\" width=\"800\" height=\"534\" srcset=\"http:\/\/www.saklub-idrija.si\/wp-content\/uploads\/2022\/02\/NusaLaas.jpg 800w, http:\/\/www.saklub-idrija.si\/wp-content\/uploads\/2022\/02\/NusaLaas-300x200.jpg 300w, http:\/\/www.saklub-idrija.si\/wp-content\/uploads\/2022\/02\/NusaLaas-768x513.jpg 768w, http:\/\/www.saklub-idrija.si\/wp-content\/uploads\/2022\/02\/NusaLaas-370x247.jpg 370w\" sizes=\"(max-width: 800px) 100vw, 800px\" \/><\/a><figcaption id=\"caption-attachment-2038\" class=\"wp-caption-text\">Foto s treninga<\/figcaption><\/figure>\n<p><strong>Ned. 6.2.-\u00a0<\/strong>Nu\u0161a je na mladinskem svetovnem prvenstvu po treh vo\u017enjah zasedla kon\u010dno petnajsto mesto. Matev\u017e in Vid sta v\u010deraj Sloveniji privozila prvi naslov svetovnih prvakov v sankanju!<\/p>\n<p>(Foto: Miriam Jennewein)<\/p>\n<figure id=\"attachment_2031\" aria-describedby=\"caption-attachment-2031\" style=\"width: 800px\" class=\"wp-caption aligncenter\"><a href=\"http:\/\/www.saklub-idrija.si\/wp-content\/uploads\/2022\/02\/proga.jpg\"><img loading=\"lazy\" decoding=\"async\" class=\"size-full wp-image-2031\" src=\"http:\/\/www.saklub-idrija.si\/wp-content\/uploads\/2022\/02\/proga.jpg\" alt=\"\" width=\"800\" height=\"533\" srcset=\"http:\/\/www.saklub-idrija.si\/wp-content\/uploads\/2022\/02\/proga.jpg 800w, http:\/\/www.saklub-idrija.si\/wp-content\/uploads\/2022\/02\/proga-300x200.jpg 300w, http:\/\/www.saklub-idrija.si\/wp-content\/uploads\/2022\/02\/proga-768x512.jpg 768w, http:\/\/www.saklub-idrija.si\/wp-content\/uploads\/2022\/02\/proga-370x247.jpg 370w\" sizes=\"(max-width: 800px) 100vw, 800px\" \/><\/a><figcaption id=\"caption-attachment-2031\" class=\"wp-caption-text\">Na progi<\/figcaption><\/figure>\n<figure id=\"attachment_2029\" aria-describedby=\"caption-attachment-2029\" style=\"width: 800px\" class=\"wp-caption aligncenter\"><a href=\"http:\/\/www.saklub-idrija.si\/wp-content\/uploads\/2022\/02\/Cilj.jpg\"><img loading=\"lazy\" decoding=\"async\" class=\"size-full wp-image-2029\" src=\"http:\/\/www.saklub-idrija.si\/wp-content\/uploads\/2022\/02\/Cilj.jpg\" alt=\"\" width=\"800\" height=\"534\" srcset=\"http:\/\/www.saklub-idrija.si\/wp-content\/uploads\/2022\/02\/Cilj.jpg 800w, http:\/\/www.saklub-idrija.si\/wp-content\/uploads\/2022\/02\/Cilj-300x200.jpg 300w, http:\/\/www.saklub-idrija.si\/wp-content\/uploads\/2022\/02\/Cilj-768x513.jpg 768w, http:\/\/www.saklub-idrija.si\/wp-content\/uploads\/2022\/02\/Cilj-370x247.jpg 370w\" sizes=\"(max-width: 800px) 100vw, 800px\" \/><\/a><figcaption id=\"caption-attachment-2029\" class=\"wp-caption-text\">V cilju<\/figcaption><\/figure>\n<figure id=\"attachment_2030\" aria-describedby=\"caption-attachment-2030\" style=\"width: 800px\" class=\"wp-caption aligncenter\"><a href=\"http:\/\/www.saklub-idrija.si\/wp-content\/uploads\/2022\/02\/dopl.jpg\"><img loading=\"lazy\" decoding=\"async\" class=\"size-full wp-image-2030\" src=\"http:\/\/www.saklub-idrija.si\/wp-content\/uploads\/2022\/02\/dopl.jpg\" alt=\"\" width=\"800\" height=\"533\" srcset=\"http:\/\/www.saklub-idrija.si\/wp-content\/uploads\/2022\/02\/dopl.jpg 800w, http:\/\/www.saklub-idrija.si\/wp-content\/uploads\/2022\/02\/dopl-300x200.jpg 300w, http:\/\/www.saklub-idrija.si\/wp-content\/uploads\/2022\/02\/dopl-768x512.jpg 768w, http:\/\/www.saklub-idrija.si\/wp-content\/uploads\/2022\/02\/dopl-370x247.jpg 370w\" sizes=\"(max-width: 800px) 100vw, 800px\" \/><\/a><figcaption id=\"caption-attachment-2030\" class=\"wp-caption-text\">Svetovna prvaka!!!<\/figcaption><\/figure>\n<p>Bin\u010devega memoriala sta se iz na\u0161ega kluba udele\u017eila le Stane in Brane. V kategoriji St. veteranov sta dosegla prvo in tretje mesto.<\/p>\n<p>Vsem iskrene \u010destitke!<\/p>\n<figure id=\"attachment_2027\" aria-describedby=\"caption-attachment-2027\" style=\"width: 800px\" class=\"wp-caption aligncenter\"><a href=\"http:\/\/www.saklub-idrija.si\/wp-content\/uploads\/2022\/02\/StVet.jpg\"><img loading=\"lazy\" decoding=\"async\" class=\"size-full wp-image-2027\" src=\"http:\/\/www.saklub-idrija.si\/wp-content\/uploads\/2022\/02\/StVet.jpg\" alt=\"\" width=\"800\" height=\"973\" srcset=\"http:\/\/www.saklub-idrija.si\/wp-content\/uploads\/2022\/02\/StVet.jpg 800w, http:\/\/www.saklub-idrija.si\/wp-content\/uploads\/2022\/02\/StVet-247x300.jpg 247w, http:\/\/www.saklub-idrija.si\/wp-content\/uploads\/2022\/02\/StVet-768x934.jpg 768w, http:\/\/www.saklub-idrija.si\/wp-content\/uploads\/2022\/02\/StVet-370x450.jpg 370w\" sizes=\"(max-width: 800px) 100vw, 800px\" \/><\/a><figcaption id=\"caption-attachment-2027\" class=\"wp-caption-text\">St. veterani<\/figcaption><\/figure>\n<p><strong>Sre. 2.2.- <\/strong>\u0160D Podljubelj razpisuje prvo tekmo Pokala Slovenije leto\u0161nje zimske sezone: Bin\u010dev memorial, nedelja 6.2., proga Zelenica, plato Ljubelj (levo), prijave do 9h30, start 10h00. Proga bo sne\u017eena. Vabljeni!<\/p>\n<hr \/>\n<p><strong>Ned. 30.1.- <\/strong>Nu\u0161a je v dana\u0161nji prvi vo\u017enji zadnje tekme mladinskega svetovnega pokala storila napako, zato se tudi z dvanajstim \u010dasom druge vo\u017enje ni uspela prebiti vi\u0161je od osemnajstega mesta. Sezono je zaklju\u010dila na kon\u010dnem trinajstem mestu med mladinkami. \u010cestitamo!<\/p>\n<p>Naslednji konec tedna na\u0161e mlade reprezentante \u010daka prvo leto\u0161nje veliko tekmovanje: mladinsko svetovno prvenstvo v italijanskem Jaufentalu.<\/p>\n<figure id=\"attachment_2016\" aria-describedby=\"caption-attachment-2016\" style=\"width: 760px\" class=\"wp-caption aligncenter\"><a href=\"http:\/\/www.saklub-idrija.si\/wp-content\/uploads\/2022\/01\/koncno.jpg\"><img loading=\"lazy\" decoding=\"async\" class=\"size-full wp-image-2016\" src=\"http:\/\/www.saklub-idrija.si\/wp-content\/uploads\/2022\/01\/koncno.jpg\" alt=\"\" width=\"760\" height=\"586\" srcset=\"http:\/\/www.saklub-idrija.si\/wp-content\/uploads\/2022\/01\/koncno.jpg 760w, http:\/\/www.saklub-idrija.si\/wp-content\/uploads\/2022\/01\/koncno-300x231.jpg 300w, http:\/\/www.saklub-idrija.si\/wp-content\/uploads\/2022\/01\/koncno-370x285.jpg 370w\" sizes=\"(max-width: 760px) 100vw, 760px\" \/><\/a><figcaption id=\"caption-attachment-2016\" class=\"wp-caption-text\">Matev\u017e in Vid skupno tretja med dvosedi<\/figcaption><\/figure>\n<p><strong>Ned. 23.1.- <\/strong>Z osmim \u010dasom druge vo\u017enje je Nu\u0161a tretjo tekmo mladinskega svetovnega pokala kon\u010dala na dvanajstem mestu. Izpostaviti velja tudi tretje mesto dvoseda Vertelj- Kralj, kar je njuna prva uvrstitev na stopni\u010dke. \u010cestitke vsem!<\/p>\n<figure id=\"attachment_2012\" aria-describedby=\"caption-attachment-2012\" style=\"width: 800px\" class=\"wp-caption aligncenter\"><a href=\"http:\/\/www.saklub-idrija.si\/wp-content\/uploads\/2022\/01\/Team.jpg\"><img loading=\"lazy\" decoding=\"async\" class=\"size-full wp-image-2012\" src=\"http:\/\/www.saklub-idrija.si\/wp-content\/uploads\/2022\/01\/Team.jpg\" alt=\"\" width=\"800\" height=\"600\" srcset=\"http:\/\/www.saklub-idrija.si\/wp-content\/uploads\/2022\/01\/Team.jpg 800w, http:\/\/www.saklub-idrija.si\/wp-content\/uploads\/2022\/01\/Team-300x225.jpg 300w, http:\/\/www.saklub-idrija.si\/wp-content\/uploads\/2022\/01\/Team-768x576.jpg 768w, http:\/\/www.saklub-idrija.si\/wp-content\/uploads\/2022\/01\/Team-370x278.jpg 370w\" sizes=\"(max-width: 800px) 100vw, 800px\" \/><\/a><figcaption id=\"caption-attachment-2012\" class=\"wp-caption-text\">Na\u0161i v Navisu<\/figcaption><\/figure>\n<p><strong>Ned. 16.1.- <\/strong>V\u010deraj na istem prizori\u0161\u010du mesto bolje (Umhausen- \u010dlanski svetovni pokal), predvsem pa precej bolj\u0161i \u010dasi in manj\u0161i zaostanek za najbolj\u0161imi kot prej\u0161nji teden. \u010cestitke!<\/p>\n<p>Konec tedna mladinci nadaljujejo s svetovnim pokalom v avstrijskem Navisu, kjer do sedaj tekem na tem nivoju \u0161e niso organizirali, saj gre za progo zgrajeno v pretekli sezoni.<\/p>\n<p>(Foto: Miriam Jennewein)<\/p>\n<figure id=\"attachment_2005\" aria-describedby=\"caption-attachment-2005\" style=\"width: 800px\" class=\"wp-caption aligncenter\"><a href=\"http:\/\/www.saklub-idrija.si\/wp-content\/uploads\/2022\/01\/Nusa-1.jpg\"><img loading=\"lazy\" decoding=\"async\" class=\"size-full wp-image-2005\" src=\"http:\/\/www.saklub-idrija.si\/wp-content\/uploads\/2022\/01\/Nusa-1.jpg\" alt=\"\" width=\"800\" height=\"534\" srcset=\"http:\/\/www.saklub-idrija.si\/wp-content\/uploads\/2022\/01\/Nusa-1.jpg 800w, http:\/\/www.saklub-idrija.si\/wp-content\/uploads\/2022\/01\/Nusa-1-300x200.jpg 300w, http:\/\/www.saklub-idrija.si\/wp-content\/uploads\/2022\/01\/Nusa-1-768x513.jpg 768w, http:\/\/www.saklub-idrija.si\/wp-content\/uploads\/2022\/01\/Nusa-1-370x247.jpg 370w\" sizes=\"(max-width: 800px) 100vw, 800px\" \/><\/a><figcaption id=\"caption-attachment-2005\" class=\"wp-caption-text\">Nu\u0161a na progi&#8230;<\/figcaption><\/figure>\n<figure id=\"attachment_2006\" aria-describedby=\"caption-attachment-2006\" style=\"width: 800px\" class=\"wp-caption aligncenter\"><a href=\"http:\/\/www.saklub-idrija.si\/wp-content\/uploads\/2022\/01\/Zlajf.jpg\"><img loading=\"lazy\" decoding=\"async\" class=\"size-full wp-image-2006\" src=\"http:\/\/www.saklub-idrija.si\/wp-content\/uploads\/2022\/01\/Zlajf.jpg\" alt=\"\" width=\"800\" height=\"534\" srcset=\"http:\/\/www.saklub-idrija.si\/wp-content\/uploads\/2022\/01\/Zlajf.jpg 800w, http:\/\/www.saklub-idrija.si\/wp-content\/uploads\/2022\/01\/Zlajf-300x200.jpg 300w, http:\/\/www.saklub-idrija.si\/wp-content\/uploads\/2022\/01\/Zlajf-768x513.jpg 768w, http:\/\/www.saklub-idrija.si\/wp-content\/uploads\/2022\/01\/Zlajf-370x247.jpg 370w\" sizes=\"(max-width: 800px) 100vw, 800px\" \/><\/a><figcaption id=\"caption-attachment-2006\" class=\"wp-caption-text\">in v cilju<\/figcaption><\/figure>\n<p><strong>Sob. 8.1.- <\/strong>Nu\u0161a je na prvi tekmi \u010dlanskega svetovnega pokala te sezone zasedla 19. mesto. \u010cestitamo!<\/p>\n<p>(Foto: zajem zaslona)<\/p>\n<figure id=\"attachment_2001\" aria-describedby=\"caption-attachment-2001\" style=\"width: 800px\" class=\"wp-caption aligncenter\"><a href=\"http:\/\/www.saklub-idrija.si\/wp-content\/uploads\/2022\/01\/Start-1.jpg\"><img loading=\"lazy\" decoding=\"async\" class=\"size-full wp-image-2001\" src=\"http:\/\/www.saklub-idrija.si\/wp-content\/uploads\/2022\/01\/Start-1.jpg\" alt=\"\" width=\"800\" height=\"501\" srcset=\"http:\/\/www.saklub-idrija.si\/wp-content\/uploads\/2022\/01\/Start-1.jpg 800w, http:\/\/www.saklub-idrija.si\/wp-content\/uploads\/2022\/01\/Start-1-300x188.jpg 300w, http:\/\/www.saklub-idrija.si\/wp-content\/uploads\/2022\/01\/Start-1-768x481.jpg 768w, http:\/\/www.saklub-idrija.si\/wp-content\/uploads\/2022\/01\/Start-1-370x232.jpg 370w\" sizes=\"(max-width: 800px) 100vw, 800px\" \/><\/a><figcaption id=\"caption-attachment-2001\" class=\"wp-caption-text\">3, 4, zdej<\/figcaption><\/figure>\n<p><strong>\u010cet. 6.1.- <\/strong>Druga mladinska tekma je potekala v okrnjenem formatu. Zaradi odjuge in de\u017eja so treningi v\u010deraj odpadli, danes pa so izpeljali trening in tekmo s po enim tekom. Nu\u0161a je osvojila enajsto mesto! V skupnem se\u0161tevku je trenutno trinajsta. \u010cestitke!<\/p>\n<p>Konec tedna sanka\u010de \u010daka tekma \u010dlanskega svetovnega pokala v avstrijskem Umhausenu. \u017de jutri zjutraj pri\u010denjajo s treningi na novem prizori\u0161\u010du.<\/p>\n<p>(foto: Bine Mekina)<\/p>\n<figure id=\"attachment_1996\" aria-describedby=\"caption-attachment-1996\" style=\"width: 800px\" class=\"wp-caption aligncenter\"><a href=\"http:\/\/www.saklub-idrija.si\/wp-content\/uploads\/2022\/01\/Nusaa.jpg\"><img loading=\"lazy\" decoding=\"async\" class=\"size-full wp-image-1996\" src=\"http:\/\/www.saklub-idrija.si\/wp-content\/uploads\/2022\/01\/Nusaa.jpg\" alt=\"\" width=\"800\" height=\"540\" srcset=\"http:\/\/www.saklub-idrija.si\/wp-content\/uploads\/2022\/01\/Nusaa.jpg 800w, http:\/\/www.saklub-idrija.si\/wp-content\/uploads\/2022\/01\/Nusaa-300x203.jpg 300w, http:\/\/www.saklub-idrija.si\/wp-content\/uploads\/2022\/01\/Nusaa-768x518.jpg 768w, http:\/\/www.saklub-idrija.si\/wp-content\/uploads\/2022\/01\/Nusaa-370x250.jpg 370w\" sizes=\"(max-width: 800px) 100vw, 800px\" \/><\/a><figcaption id=\"caption-attachment-1996\" class=\"wp-caption-text\">Matr<\/figcaption><\/figure>\n<figure id=\"attachment_1995\" aria-describedby=\"caption-attachment-1995\" style=\"width: 800px\" class=\"wp-caption aligncenter\"><a href=\"http:\/\/www.saklub-idrija.si\/wp-content\/uploads\/2022\/01\/Ekipaa.jpg\"><img loading=\"lazy\" decoding=\"async\" class=\"size-full wp-image-1995\" src=\"http:\/\/www.saklub-idrija.si\/wp-content\/uploads\/2022\/01\/Ekipaa.jpg\" alt=\"\" width=\"800\" height=\"567\" srcset=\"http:\/\/www.saklub-idrija.si\/wp-content\/uploads\/2022\/01\/Ekipaa.jpg 800w, http:\/\/www.saklub-idrija.si\/wp-content\/uploads\/2022\/01\/Ekipaa-300x213.jpg 300w, http:\/\/www.saklub-idrija.si\/wp-content\/uploads\/2022\/01\/Ekipaa-768x544.jpg 768w, http:\/\/www.saklub-idrija.si\/wp-content\/uploads\/2022\/01\/Ekipaa-370x262.jpg 370w\" sizes=\"(max-width: 800px) 100vw, 800px\" \/><\/a><figcaption id=\"caption-attachment-1995\" class=\"wp-caption-text\">TimSLO<\/figcaption><\/figure>\n<p>Taler pa tokrat na \u017ealost s premalo snega, da bi lahko uredili progo.<\/p>\n<p><strong>Sob. 1.1.- <\/strong>Nu\u0161a je prvo tekmo mladinskega svetovnega pokala kon\u010dala kot petnajsta. U drugi vo\u017enji je svoj \u010das izbolj\u0161ala skoraj za sekundo. \u010cestitamo!<\/p>\n<p>Mladinci sezono nadaljujejo \u017ee v tem tednu, ko se bodo na drugi tekmi svetovnega pokala pomerili v italijanskem Latzfonsu.<\/p>\n<p>(foto: Bine Mekina)<\/p>\n<figure id=\"attachment_1978\" aria-describedby=\"caption-attachment-1978\" style=\"width: 800px\" class=\"wp-caption aligncenter\"><a href=\"http:\/\/www.saklub-idrija.si\/wp-content\/uploads\/2022\/01\/start.jpg\"><img loading=\"lazy\" decoding=\"async\" class=\"size-full wp-image-1978\" src=\"http:\/\/www.saklub-idrija.si\/wp-content\/uploads\/2022\/01\/start.jpg\" alt=\"\" width=\"800\" height=\"534\" srcset=\"http:\/\/www.saklub-idrija.si\/wp-content\/uploads\/2022\/01\/start.jpg 800w, http:\/\/www.saklub-idrija.si\/wp-content\/uploads\/2022\/01\/start-300x200.jpg 300w, http:\/\/www.saklub-idrija.si\/wp-content\/uploads\/2022\/01\/start-768x513.jpg 768w, http:\/\/www.saklub-idrija.si\/wp-content\/uploads\/2022\/01\/start-370x247.jpg 370w\" sizes=\"(max-width: 800px) 100vw, 800px\" \/><\/a><figcaption id=\"caption-attachment-1978\" class=\"wp-caption-text\">Koncentracija<\/figcaption><\/figure>\n<figure id=\"attachment_1977\" aria-describedby=\"caption-attachment-1977\" style=\"width: 800px\" class=\"wp-caption aligncenter\"><a href=\"http:\/\/www.saklub-idrija.si\/wp-content\/uploads\/2022\/01\/nusa.jpg\"><img loading=\"lazy\" decoding=\"async\" class=\"size-full wp-image-1977\" src=\"http:\/\/www.saklub-idrija.si\/wp-content\/uploads\/2022\/01\/nusa.jpg\" alt=\"\" width=\"800\" height=\"534\" srcset=\"http:\/\/www.saklub-idrija.si\/wp-content\/uploads\/2022\/01\/nusa.jpg 800w, http:\/\/www.saklub-idrija.si\/wp-content\/uploads\/2022\/01\/nusa-300x200.jpg 300w, http:\/\/www.saklub-idrija.si\/wp-content\/uploads\/2022\/01\/nusa-768x513.jpg 768w, http:\/\/www.saklub-idrija.si\/wp-content\/uploads\/2022\/01\/nusa-370x247.jpg 370w\" sizes=\"(max-width: 800px) 100vw, 800px\" \/><\/a><figcaption id=\"caption-attachment-1977\" class=\"wp-caption-text\">Brzina<\/figcaption><\/figure>\n<hr \/>\n<p><a href=\"http:\/\/www.saklub-idrija.si\/?p=1980\">NOVICE 2021<\/a><\/p>\n<p><a href=\"http:\/\/www.saklub-idrija.si\/wp-content\/uploads\/2020\/01\/BannerDolNov.jpg\"><img loading=\"lazy\" decoding=\"async\" class=\"aligncenter size-full wp-image-1758\" src=\"http:\/\/www.saklub-idrija.si\/wp-content\/uploads\/2020\/01\/BannerDolNov.jpg\" alt=\"\" width=\"1582\" height=\"170\" srcset=\"http:\/\/www.saklub-idrija.si\/wp-content\/uploads\/2020\/01\/BannerDolNov.jpg 1582w, http:\/\/www.saklub-idrija.si\/wp-content\/uploads\/2020\/01\/BannerDolNov-300x32.jpg 300w, http:\/\/www.saklub-idrija.si\/wp-content\/uploads\/2020\/01\/BannerDolNov-1024x110.jpg 1024w, http:\/\/www.saklub-idrija.si\/wp-content\/uploads\/2020\/01\/BannerDolNov-768x83.jpg 768w, http:\/\/www.saklub-idrija.si\/wp-content\/uploads\/2020\/01\/BannerDolNov-1536x165.jpg 1536w, http:\/\/www.saklub-idrija.si\/wp-content\/uploads\/2020\/01\/BannerDolNov-370x40.jpg 370w, http:\/\/www.saklub-idrija.si\/wp-content\/uploads\/2020\/01\/BannerDolNov-1040x112.jpg 1040w\" sizes=\"(max-width: 1582px) 100vw, 1582px\" \/><\/a><\/p>\n","protected":false},"excerpt":{"rendered":"<p>na internetni strani SaK Idrija in v NOVICE Status sanka\u0161ke proge na Talerju: NI UREJENO! 2026 Ned. 18.1.- Na svetovni dan sankanja je Prvi program radia Slovenija objavil prav lep prispevek \ud83d\ude00 : Nedeljska reporta\u017ea[&#8230;]<\/p>\n","protected":false},"author":2,"featured_media":0,"parent":0,"menu_order":0,"comment_status":"closed","ping_status":"open","template":"","meta":{"footnotes":""},"_links":{"self":[{"href":"http:\/\/www.saklub-idrija.si\/index.php?rest_route=\/wp\/v2\/pages\/2"}],"collection":[{"href":"http:\/\/www.saklub-idrija.si\/index.php?rest_route=\/wp\/v2\/pages"}],"about":[{"href":"http:\/\/www.saklub-idrija.si\/index.php?rest_route=\/wp\/v2\/types\/page"}],"author":[{"embeddable":true,"href":"http:\/\/www.saklub-idrija.si\/index.php?rest_route=\/wp\/v2\/users\/2"}],"replies":[{"embeddable":true,"href":"http:\/\/www.saklub-idrija.si\/index.php?rest_route=%2Fwp%2Fv2%2Fcomments&post=2"}],"version-history":[{"count":703,"href":"http:\/\/www.saklub-idrija.si\/index.php?rest_route=\/wp\/v2\/pages\/2\/revisions"}],"predecessor-version":[{"id":2165,"href":"http:\/\/www.saklub-idrija.si\/index.php?rest_route=\/wp\/v2\/pages\/2\/revisions\/2165"}],"wp:attachment":[{"href":"http:\/\/www.saklub-idrija.si\/index.php?rest_route=%2Fwp%2Fv2%2Fmedia&parent=2"}],"curies":[{"name":"wp","href":"https:\/\/api.w.org\/{rel}","templated":true}]}}